{"id":3840,"date":"2021-04-27T23:48:36","date_gmt":"2021-04-27T21:48:36","guid":{"rendered":"https:\/\/casarural.dipixel.es\/umgebung\/"},"modified":"2021-04-28T19:15:41","modified_gmt":"2021-04-28T17:15:41","slug":"umgebung","status":"publish","type":"page","link":"https:\/\/casaentresueveypicos.com\/de\/umgebung\/","title":{"rendered":"Umgebung"},"content":{"rendered":"\t\t<div data-elementor-type=\"wp-page\" data-elementor-id=\"3840\" class=\"elementor elementor-3840 elementor-1050\" data-elementor-post-type=\"page\">\n\t\t\t\t\t\t<section data-dce-background-image-url=\"https:\/\/casaentresueveypicos.com\/wp-content\/uploads\/2021\/03\/ruta-del-cares-2.jpg\" class=\"elementor-section elementor-top-section elementor-element elementor-element-3fa546a2 elementor-section-full_width elementor-section-content-middle elementor-section-height-min-height elementor-section-height-default elementor-section-items-middle\" data-id=\"3fa546a2\" data-element_type=\"section\" data-settings=\"{&quot;background_background&quot;:&quot;classic&quot;,&quot;background_motion_fx_motion_fx_scrolling&quot;:&quot;yes&quot;,&quot;background_motion_fx_translateY_effect&quot;:&quot;yes&quot;,&quot;background_motion_fx_translateY_speed&quot;:{&quot;unit&quot;:&quot;px&quot;,&quot;size&quot;:4,&quot;sizes&quot;:[]},&quot;background_motion_fx_translateY_affectedRange&quot;:{&quot;unit&quot;:&quot;%&quot;,&quot;size&quot;:&quot;&quot;,&quot;sizes&quot;:{&quot;start&quot;:0,&quot;end&quot;:100}},&quot;background_motion_fx_devices&quot;:[&quot;desktop&quot;,&quot;tablet&quot;,&quot;mobile&quot;]}\">\n\t\t\t\t\t\t<div class=\"elementor-container elementor-column-gap-default\">\n\t\t\t\t\t<div class=\"elementor-column elementor-col-100 elementor-top-column elementor-element elementor-element-5a34ebfa\" data-id=\"5a34ebfa\" data-element_type=\"column\">\n\t\t\t<div class=\"elementor-widget-wrap elementor-element-populated\">\n\t\t\t\t\t\t<div class=\"elementor-element elementor-element-4fea1c00 elementor-widget elementor-widget-heading\" data-id=\"4fea1c00\" data-element_type=\"widget\" data-widget_type=\"heading.default\">\n\t\t\t\t<div class=\"elementor-widget-container\">\n\t\t\t\t\t<h1 class=\"elementor-heading-title elementor-size-default\"><span style=\"color:#62352B\">Sehr nah<\/span> am Paradies<\/h1>\t\t\t\t<\/div>\n\t\t\t\t<\/div>\n\t\t\t\t\t<\/div>\n\t\t<\/div>\n\t\t\t\t\t<\/div>\n\t\t<\/section>\n\t\t\t\t<section class=\"elementor-section elementor-top-section elementor-element elementor-element-b53b9b8 elementor-section-boxed elementor-section-height-default elementor-section-height-default\" data-id=\"b53b9b8\" data-element_type=\"section\">\n\t\t\t\t\t\t<div class=\"elementor-container elementor-column-gap-default\">\n\t\t\t\t\t<div class=\"elementor-column elementor-col-50 elementor-top-column elementor-element elementor-element-49ac571c\" data-id=\"49ac571c\" data-element_type=\"column\">\n\t\t\t<div class=\"elementor-widget-wrap elementor-element-populated\">\n\t\t\t\t\t\t<div class=\"elementor-element elementor-element-62e2dedf elementor-widget elementor-widget-heading\" data-id=\"62e2dedf\" data-element_type=\"widget\" data-widget_type=\"heading.default\">\n\t\t\t\t<div class=\"elementor-widget-container\">\n\t\t\t\t\t<h2 class=\"elementor-heading-title elementor-size-default\">Umgebung und Klima<\/h2>\t\t\t\t<\/div>\n\t\t\t\t<\/div>\n\t\t\t\t<div class=\"elementor-element elementor-element-37521ab7 elementor-widget elementor-widget-text-editor\" data-id=\"37521ab7\" data-element_type=\"widget\" data-widget_type=\"text-editor.default\">\n\t\t\t\t<div class=\"elementor-widget-container\">\n\t\t\t\t\t\t\t\t\t<p>In Asturien herrscht, im Allgemeinen, ein ozeanisches Klima. Dies bedeutet, dass es im Herbst und Winter reichlich Niederschl\u00e4ge gibt, die Winter relativ mild sind und es im Sommer nicht so heiss wird. Aber es gibt unz\u00e4hlige Mikroklimas aufgrund unserer geografischen Lage, gepr\u00e4gt von gr\u00fcnen Bergen und dem Einfluss des Meeres.<\/p>\n<p>Dieses Ferienhaus befindet sich in Cuadrove\u00f1a, 3 km von der Kleinstadt Arriondas (Restaurants, Sportaktivit\u00e4ten, L\u00e4den, Apotheken, Krankenhaus &#8230;), 10 km von Cangas de On\u00eds und 17 km von der Kantabrischen Autobahn A-8 entfernt. Es liegt inmitten eines gro\u00dfen Anwesens, weit von der Stra\u00dfe entfernt, aber leicht zug\u00e4nglich. Die strategische Lage ist ideal f\u00fcr die unbeschwerte Erholung in l\u00e4ndlicher malerischer Landschaft und es ist gleichzeitig ein Beispiel f\u00fcr die Vertr\u00e4glichkeit zwischen Natur und der st\u00e4dtischen Aktivit\u00e4t. <\/p>\n<p>Auf dem Weg zu unserem Haus konnten wir Hirsche, Wildschweine, Eichh\u00f6rnchen, Eulen, Adler, V\u00f6gel (einschlie\u00dflich Specht), Dachs und Frettchen sehen.<\/p>\n<p>Das n\u00e4chste Nachbarhaus is 70 m entfernt. Wir befinden uns in der N\u00e4he von unz\u00e4hligen Sehensw\u00fcrdigkeiten, diverse kulturelle und sportliche Angebote. F\u00fcr das leibliche Wohl sorgen einige vom Guide Michelin ausgezeichneten Restaurants sowie Taper\u00edas und Sidrer\u00edas.<\/p>\n<p>In der unmittelbaren N\u00e4he gibt es sehr sch\u00f6ne Routen zu Fu\u00df oder mit dem Fahrrad, z.B. das Erholungsgebiet &#8222;La Toya&#8220;, ein Spaziergang zum Weinkeller Palast von Nevares (beides 1 km vom Haus entfernt), Wanderweg zu der 400 Jahre alten Wasserm\u00fchle &#8222;La Teyera&#8220; von F\u00edos. (2,5 bis 3,5 km) und \u00f6ffentlicher Golfplatz im Hotel Palast Rubianes (5km).<\/p>\n\t\t\t\t\t\t\t\t<\/div>\n\t\t\t\t<\/div>\n\t\t\t\t\t<\/div>\n\t\t<\/div>\n\t\t\t\t<div class=\"elementor-column elementor-col-50 elementor-top-column elementor-element elementor-element-169e519f\" data-id=\"169e519f\" data-element_type=\"column\">\n\t\t\t<div class=\"elementor-widget-wrap elementor-element-populated\">\n\t\t\t\t\t\t<div class=\"elementor-element elementor-element-74b6c8d elementor-widget elementor-widget-gallery\" data-id=\"74b6c8d\" data-element_type=\"widget\" data-settings=\"{&quot;gallery_layout&quot;:&quot;justified&quot;,&quot;lazyload&quot;:&quot;yes&quot;,&quot;ideal_row_height&quot;:{&quot;unit&quot;:&quot;px&quot;,&quot;size&quot;:200,&quot;sizes&quot;:[]},&quot;ideal_row_height_tablet&quot;:{&quot;unit&quot;:&quot;px&quot;,&quot;size&quot;:150,&quot;sizes&quot;:[]},&quot;ideal_row_height_mobile&quot;:{&quot;unit&quot;:&quot;px&quot;,&quot;size&quot;:150,&quot;sizes&quot;:[]},&quot;gap&quot;:{&quot;unit&quot;:&quot;px&quot;,&quot;size&quot;:10,&quot;sizes&quot;:[]},&quot;gap_tablet&quot;:{&quot;unit&quot;:&quot;px&quot;,&quot;size&quot;:10,&quot;sizes&quot;:[]},&quot;gap_mobile&quot;:{&quot;unit&quot;:&quot;px&quot;,&quot;size&quot;:10,&quot;sizes&quot;:[]},&quot;link_to&quot;:&quot;file&quot;,&quot;overlay_background&quot;:&quot;yes&quot;,&quot;content_hover_animation&quot;:&quot;fade-in&quot;}\" data-widget_type=\"gallery.default\">\n\t\t\t\t<div class=\"elementor-widget-container\">\n\t\t\t\t\t\t\t<div class=\"elementor-gallery__container\">\n\t\t\t\t\t\t\t<a class=\"e-gallery-item elementor-gallery-item elementor-animated-content\" href=\"https:\/\/casaentresueveypicos.com\/wp-content\/uploads\/2021\/03\/Mirador-scaled.jpg\" data-elementor-open-lightbox=\"yes\" data-elementor-lightbox-slideshow=\"74b6c8d\" data-elementor-lightbox-title=\"Mirador\" data-e-action-hash=\"#elementor-action%3Aaction%3Dlightbox%26settings%3DeyJpZCI6ODc3LCJ1cmwiOiJodHRwczpcL1wvY2FzYWVudHJlc3VldmV5cGljb3MuY29tXC93cC1jb250ZW50XC91cGxvYWRzXC8yMDIxXC8wM1wvTWlyYWRvci1zY2FsZWQuanBnIiwic2xpZGVzaG93IjoiNzRiNmM4ZCJ9\">\n\t\t\t\t\t<div class=\"e-gallery-image elementor-gallery-item__image\" data-thumbnail=\"https:\/\/casaentresueveypicos.com\/wp-content\/uploads\/2021\/03\/Mirador-768x346.jpg\" data-width=\"768\" data-height=\"346\" aria-label=\"\" role=\"img\" ><\/div>\n\t\t\t\t\t\t\t\t\t\t\t<div class=\"elementor-gallery-item__overlay\"><\/div>\n\t\t\t\t\t\t\t\t\t\t\t\t\t\t<\/a>\n\t\t\t\t\t\t\t<a class=\"e-gallery-item elementor-gallery-item elementor-animated-content\" href=\"https:\/\/casaentresueveypicos.com\/wp-content\/uploads\/2021\/03\/el-paraiso-del-burro.jpg\" data-elementor-open-lightbox=\"yes\" data-elementor-lightbox-slideshow=\"74b6c8d\" data-elementor-lightbox-title=\"el para\u00edso del burro\" data-e-action-hash=\"#elementor-action%3Aaction%3Dlightbox%26settings%3DeyJpZCI6OTAzLCJ1cmwiOiJodHRwczpcL1wvY2FzYWVudHJlc3VldmV5cGljb3MuY29tXC93cC1jb250ZW50XC91cGxvYWRzXC8yMDIxXC8wM1wvZWwtcGFyYWlzby1kZWwtYnVycm8uanBnIiwic2xpZGVzaG93IjoiNzRiNmM4ZCJ9\">\n\t\t\t\t\t<div class=\"e-gallery-image elementor-gallery-item__image\" data-thumbnail=\"https:\/\/casaentresueveypicos.com\/wp-content\/uploads\/2021\/03\/el-paraiso-del-burro-768x515.jpg\" data-width=\"768\" data-height=\"515\" aria-label=\"\" role=\"img\" ><\/div>\n\t\t\t\t\t\t\t\t\t\t\t<div class=\"elementor-gallery-item__overlay\"><\/div>\n\t\t\t\t\t\t\t\t\t\t\t\t\t\t<\/a>\n\t\t\t\t\t\t\t<a class=\"e-gallery-item elementor-gallery-item elementor-animated-content\" href=\"https:\/\/casaentresueveypicos.com\/wp-content\/uploads\/2021\/03\/Camino-de-acceso-a-nuestra-casa.jpg\" data-elementor-open-lightbox=\"yes\" data-elementor-lightbox-slideshow=\"74b6c8d\" data-elementor-lightbox-title=\"Camino de acceso a nuestra casa\" data-e-action-hash=\"#elementor-action%3Aaction%3Dlightbox%26settings%3DeyJpZCI6ODk5LCJ1cmwiOiJodHRwczpcL1wvY2FzYWVudHJlc3VldmV5cGljb3MuY29tXC93cC1jb250ZW50XC91cGxvYWRzXC8yMDIxXC8wM1wvQ2FtaW5vLWRlLWFjY2Vzby1hLW51ZXN0cmEtY2FzYS5qcGciLCJzbGlkZXNob3ciOiI3NGI2YzhkIn0%3D\">\n\t\t\t\t\t<div class=\"e-gallery-image elementor-gallery-item__image\" data-thumbnail=\"https:\/\/casaentresueveypicos.com\/wp-content\/uploads\/2021\/03\/Camino-de-acceso-a-nuestra-casa-768x454.jpg\" data-width=\"768\" data-height=\"454\" aria-label=\"\" role=\"img\" ><\/div>\n\t\t\t\t\t\t\t\t\t\t\t<div class=\"elementor-gallery-item__overlay\"><\/div>\n\t\t\t\t\t\t\t\t\t\t\t\t\t\t<\/a>\n\t\t\t\t\t\t\t<a class=\"e-gallery-item elementor-gallery-item elementor-animated-content\" href=\"https:\/\/casaentresueveypicos.com\/wp-content\/uploads\/2021\/03\/Area-recreativa.jpg\" data-elementor-open-lightbox=\"yes\" data-elementor-lightbox-slideshow=\"74b6c8d\" data-elementor-lightbox-title=\"Area recreativa\" data-elementor-lightbox-description=\"Area recreativa con pistas para entrenamientos y paseos\" data-e-action-hash=\"#elementor-action%3Aaction%3Dlightbox%26settings%3DeyJpZCI6OTAyLCJ1cmwiOiJodHRwczpcL1wvY2FzYWVudHJlc3VldmV5cGljb3MuY29tXC93cC1jb250ZW50XC91cGxvYWRzXC8yMDIxXC8wM1wvQXJlYS1yZWNyZWF0aXZhLmpwZyIsInNsaWRlc2hvdyI6Ijc0YjZjOGQifQ%3D%3D\">\n\t\t\t\t\t<div class=\"e-gallery-image elementor-gallery-item__image\" data-thumbnail=\"https:\/\/casaentresueveypicos.com\/wp-content\/uploads\/2021\/03\/Area-recreativa-768x346.jpg\" data-width=\"768\" data-height=\"346\" aria-label=\"Area recreativa La Toya\" role=\"img\" ><\/div>\n\t\t\t\t\t\t\t\t\t\t\t<div class=\"elementor-gallery-item__overlay\"><\/div>\n\t\t\t\t\t\t\t\t\t\t\t\t\t\t<\/a>\n\t\t\t\t\t\t\t<a class=\"e-gallery-item elementor-gallery-item elementor-animated-content\" href=\"https:\/\/casaentresueveypicos.com\/wp-content\/uploads\/2021\/03\/Area-Recreativa-Cascada-del-Chorron.jpg\" data-elementor-open-lightbox=\"yes\" data-elementor-lightbox-slideshow=\"74b6c8d\" data-elementor-lightbox-title=\"\u00c1rea Recreativa Cascada del Chorr\u00f3n\" data-e-action-hash=\"#elementor-action%3Aaction%3Dlightbox%26settings%3DeyJpZCI6OTAxLCJ1cmwiOiJodHRwczpcL1wvY2FzYWVudHJlc3VldmV5cGljb3MuY29tXC93cC1jb250ZW50XC91cGxvYWRzXC8yMDIxXC8wM1wvQXJlYS1SZWNyZWF0aXZhLUNhc2NhZGEtZGVsLUNob3Jyb24uanBnIiwic2xpZGVzaG93IjoiNzRiNmM4ZCJ9\">\n\t\t\t\t\t<div class=\"e-gallery-image elementor-gallery-item__image\" data-thumbnail=\"https:\/\/casaentresueveypicos.com\/wp-content\/uploads\/2021\/03\/Area-Recreativa-Cascada-del-Chorron-768x346.jpg\" data-width=\"768\" data-height=\"346\" aria-label=\"\" role=\"img\" ><\/div>\n\t\t\t\t\t\t\t\t\t\t\t<div class=\"elementor-gallery-item__overlay\"><\/div>\n\t\t\t\t\t\t\t\t\t\t\t\t\t\t<\/a>\n\t\t\t\t\t\t\t<a class=\"e-gallery-item elementor-gallery-item elementor-animated-content\" href=\"https:\/\/casaentresueveypicos.com\/wp-content\/uploads\/2021\/03\/molin-scaled.jpg\" data-elementor-open-lightbox=\"yes\" data-elementor-lightbox-slideshow=\"74b6c8d\" data-elementor-lightbox-title=\"molin\" data-elementor-lightbox-description=\"Mol\u00edn activo con 400 a\u00f1os de antig\u00fcedad.\" data-e-action-hash=\"#elementor-action%3Aaction%3Dlightbox%26settings%3DeyJpZCI6ODc4LCJ1cmwiOiJodHRwczpcL1wvY2FzYWVudHJlc3VldmV5cGljb3MuY29tXC93cC1jb250ZW50XC91cGxvYWRzXC8yMDIxXC8wM1wvbW9saW4tc2NhbGVkLmpwZyIsInNsaWRlc2hvdyI6Ijc0YjZjOGQifQ%3D%3D\">\n\t\t\t\t\t<div class=\"e-gallery-image elementor-gallery-item__image\" data-thumbnail=\"https:\/\/casaentresueveypicos.com\/wp-content\/uploads\/2021\/03\/molin-768x346.jpg\" data-width=\"768\" data-height=\"346\" aria-label=\"\" role=\"img\" ><\/div>\n\t\t\t\t\t\t\t\t\t\t\t<div class=\"elementor-gallery-item__overlay\"><\/div>\n\t\t\t\t\t\t\t\t\t\t\t\t\t\t<\/a>\n\t\t\t\t\t<\/div>\n\t\t\t\t\t<\/div>\n\t\t\t\t<\/div>\n\t\t\t\t\t<\/div>\n\t\t<\/div>\n\t\t\t\t\t<\/div>\n\t\t<\/section>\n\t\t\t\t<section class=\"elementor-section elementor-top-section elementor-element elementor-element-775f53eb elementor-section-boxed elementor-section-height-default elementor-section-height-default\" data-id=\"775f53eb\" data-element_type=\"section\">\n\t\t\t\t\t\t<div class=\"elementor-container elementor-column-gap-default\">\n\t\t\t\t\t<div class=\"elementor-column elementor-col-100 elementor-top-column elementor-element elementor-element-6822ee93\" data-id=\"6822ee93\" data-element_type=\"column\" data-settings=\"{&quot;background_background&quot;:&quot;classic&quot;}\">\n\t\t\t<div class=\"elementor-widget-wrap elementor-element-populated\">\n\t\t\t\t\t\t<div class=\"elementor-element elementor-element-cdb9e0f elementor-mobile-align-justify elementor-align-center elementor-widget elementor-widget-button\" data-id=\"cdb9e0f\" data-element_type=\"widget\" data-widget_type=\"button.default\">\n\t\t\t\t<div class=\"elementor-widget-container\">\n\t\t\t\t\t\t\t\t\t<div class=\"elementor-button-wrapper\">\n\t\t\t\t\t<a class=\"elementor-button elementor-button-link elementor-size-sm\" href=\"https:\/\/casaentresueveypicos.com\/aktivtourismus\/?lang=de\">\n\t\t\t\t\t\t<span class=\"elementor-button-content-wrapper\">\n\t\t\t\t\t\t\t\t\t<span class=\"elementor-button-text\">Was in Asturien zu tun.<\/span>\n\t\t\t\t\t<\/span>\n\t\t\t\t\t<\/a>\n\t\t\t\t<\/div>\n\t\t\t\t\t\t\t\t<\/div>\n\t\t\t\t<\/div>\n\t\t\t\t\t<\/div>\n\t\t<\/div>\n\t\t\t\t\t<\/div>\n\t\t<\/section>\n\t\t\t\t<section class=\"elementor-section elementor-top-section elementor-element elementor-element-876b415 elementor-section-boxed elementor-section-height-default elementor-section-height-default\" data-id=\"876b415\" data-element_type=\"section\">\n\t\t\t\t\t\t<div class=\"elementor-container elementor-column-gap-default\">\n\t\t\t\t\t<div class=\"elementor-column elementor-col-50 elementor-top-column elementor-element elementor-element-d2f1fc2\" data-id=\"d2f1fc2\" data-element_type=\"column\">\n\t\t\t<div class=\"elementor-widget-wrap elementor-element-populated\">\n\t\t\t\t\t\t<div class=\"elementor-element elementor-element-578a220 elementor-invisible elementor-widget elementor-widget-image\" data-id=\"578a220\" data-element_type=\"widget\" data-settings=\"{&quot;_animation&quot;:&quot;fadeInLeft&quot;}\" data-widget_type=\"image.default\">\n\t\t\t\t<div class=\"elementor-widget-container\">\n\t\t\t\t\t\t\t\t\t\t\t\t\t\t\t\t<a href=\"https:\/\/casaentresueveypicos.com\/wp-content\/uploads\/2021\/03\/Arriondas-Picos-nevados-1.jpg\" data-elementor-open-lightbox=\"yes\" data-elementor-lightbox-title=\"Arriondas, verschneite Gipfel im Hintergrund\" data-e-action-hash=\"#elementor-action%3Aaction%3Dlightbox%26settings%3DeyJpZCI6Mjc2MiwidXJsIjoiaHR0cHM6XC9cL2Nhc2FlbnRyZXN1ZXZleXBpY29zLmNvbVwvd3AtY29udGVudFwvdXBsb2Fkc1wvMjAyMVwvMDNcL0FycmlvbmRhcy1QaWNvcy1uZXZhZG9zLTEuanBnIn0%3D\">\n\t\t\t\t\t\t\t<img fetchpriority=\"high\" decoding=\"async\" width=\"800\" height=\"360\" src=\"https:\/\/casaentresueveypicos.com\/wp-content\/uploads\/2021\/03\/Arriondas-Picos-nevados-1-1024x461.jpg\" class=\"attachment-large size-large wp-image-2762\" alt=\"\" srcset=\"https:\/\/casaentresueveypicos.com\/wp-content\/uploads\/2021\/03\/Arriondas-Picos-nevados-1-1024x461.jpg 1024w, https:\/\/casaentresueveypicos.com\/wp-content\/uploads\/2021\/03\/Arriondas-Picos-nevados-1-300x135.jpg 300w, https:\/\/casaentresueveypicos.com\/wp-content\/uploads\/2021\/03\/Arriondas-Picos-nevados-1-768x346.jpg 768w, https:\/\/casaentresueveypicos.com\/wp-content\/uploads\/2021\/03\/Arriondas-Picos-nevados-1-1536x691.jpg 1536w, https:\/\/casaentresueveypicos.com\/wp-content\/uploads\/2021\/03\/Arriondas-Picos-nevados-1-600x270.jpg 600w, https:\/\/casaentresueveypicos.com\/wp-content\/uploads\/2021\/03\/Arriondas-Picos-nevados-1.jpg 1920w\" sizes=\"(max-width: 800px) 100vw, 800px\" \/>\t\t\t\t\t\t\t\t<\/a>\n\t\t\t\t\t\t\t\t\t\t\t\t\t\t\t<\/div>\n\t\t\t\t<\/div>\n\t\t\t\t<div class=\"elementor-element elementor-element-86e569c elementor-invisible elementor-widget elementor-widget-heading\" data-id=\"86e569c\" data-element_type=\"widget\" data-settings=\"{&quot;_animation&quot;:&quot;fadeInLeft&quot;,&quot;_animation_delay&quot;:1000}\" data-widget_type=\"heading.default\">\n\t\t\t\t<div class=\"elementor-widget-container\">\n\t\t\t\t\t<h2 class=\"elementor-heading-title elementor-size-default\">Transportm\u00f6glichkeiten<\/h2>\t\t\t\t<\/div>\n\t\t\t\t<\/div>\n\t\t\t\t<div class=\"elementor-element elementor-element-df5670c elementor-invisible elementor-widget elementor-widget-text-editor\" data-id=\"df5670c\" data-element_type=\"widget\" data-settings=\"{&quot;_animation&quot;:&quot;fadeInLeft&quot;,&quot;_animation_delay&quot;:2000}\" data-widget_type=\"text-editor.default\">\n\t\t\t\t<div class=\"elementor-widget-container\">\n\t\t\t\t\t\t\t\t\t<p>In Cuadrove\u00f1a gibt es keine \u00f6ffentlichen Verkehrsmittel. Es wird daher empfohlen, dass sie mit Ihrem eigenen Fahrzeug anreisen um sich bequem in der Gegend zu bewegen.<\/p>\n<p>Auf dem Grundst\u00fcck gibt es ausreichend Parkpl\u00e4tze f\u00fcr alle G\u00e4ste.<\/p>\n<p>Wenn sie jedoch gerne zu Fu\u00df gehen, erreichen Sie Arriondas in ca. 20 Minuten. Dort gibt es einen Bus -und Bahnhof und Taxis stehen Ihnen zur Verf\u00fcgung.<\/p>\n<p>Da die unmittelbar anliegende Strasse nicht sehr befahren ist, k\u00f6nnen Sie sich auch mit dem Auto, Fahrrad oder zu Fu\u00df fortbewegen.<\/p>\n\t\t\t\t\t\t\t\t<\/div>\n\t\t\t\t<\/div>\n\t\t\t\t\t<\/div>\n\t\t<\/div>\n\t\t\t\t<div class=\"elementor-column elementor-col-50 elementor-top-column elementor-element elementor-element-3f45529\" data-id=\"3f45529\" data-element_type=\"column\">\n\t\t\t<div class=\"elementor-widget-wrap elementor-element-populated\">\n\t\t\t\t\t\t<div class=\"elementor-element elementor-element-08d61fe elementor-widget elementor-widget-heading\" data-id=\"08d61fe\" data-element_type=\"widget\" data-widget_type=\"heading.default\">\n\t\t\t\t<div class=\"elementor-widget-container\">\n\t\t\t\t\t<h2 class=\"elementor-heading-title elementor-size-default\">Ferienhaus in Arriondas<\/h2>\t\t\t\t<\/div>\n\t\t\t\t<\/div>\n\t\t\t\t<div class=\"elementor-element elementor-element-194fae1 elementor-widget elementor-widget-text-editor\" data-id=\"194fae1\" data-element_type=\"widget\" data-widget_type=\"text-editor.default\">\n\t\t\t\t<div class=\"elementor-widget-container\">\n\t\t\t\t\t\t\t\t\t<p>Arriondas ist unter anderem bekannt:<\/p>\n<p>Der Internationale Abstieg des Sellas ( am ersten Samstag in August nach dem 2. August).<\/p>\n<p>&#8222;Subida al Fito&#8220;, eine Motorsport &#8211; Rennstrecke am Berg &#8222;El Fito&#8220; . Internationale Europa-Bergmeisterschaft (offiziell FIA European Hill Climb Championship) und der nationalen Meisterschaft Campeonato de Espa\u00f1a de Monta\u00f1a (zweites Wochenende im Mai).<\/p>\n<p>Das Aquasella Festival mit Djs und Liveacts aus dem Genre House, Techno, Electronic.<\/p>\n<p>Und seit 2019 das Riverland Festival (Indie-Rock) .<\/p>\n<p>In Arriondas haben wir zwei Sternek\u00f6che.<\/p>\n<p style=\"padding-left: 80px;\">Jos\u00e9 Antonio Campo Viejo \u2013 Restaurant &#8220; El Corral del Indiano&#8220; *<\/p>\n<p style=\"padding-left: 80px;\">Nacho Manzano \u2013 Restaurant &#8222;Casa Marcial en La Salgar&#8220; **<\/p>\n<p>Hier befinden sich auch das Krankenhaus und das klimatisierte Schwimmbad.<\/p>\n<p>Seine Lage ist ideal am Fu\u00df des Nationalparks &#8222;Picos de Europa&#8220;, in der Gemeinde Cangas de On\u00eds und das Marien-Wallfahrtsort und Basilika &#8222;Covadonga&#8220;.<\/p>\n<p>Die N\u00e4he zu den Bergen und zum Meer erm\u00f6glicht es, malerische Fischerd\u00f6rfer und Hafenst\u00e4dte wie Ribadesella, LLanes, Lastres zu besuchen.<\/p>\n<p>Eine Vielzahl von Unternehmen, die sportliche Aktivit\u00e4ten wie Running, Radfahren, Reiten, Quadfahren, Wandern, Rafting, Canyoning, Kanufahren, Surfen, Golf, Paintball, Klettersteige&#8230;.. anbieten.<\/p>\n\t\t\t\t\t\t\t\t<\/div>\n\t\t\t\t<\/div>\n\t\t\t\t\t<\/div>\n\t\t<\/div>\n\t\t\t\t\t<\/div>\n\t\t<\/section>\n\t\t\t\t<\/div>\n\t\t","protected":false},"excerpt":{"rendered":"<p>Sehr nah am Paradies Umgebung und Klima In Asturien herrscht, im Allgemeinen, ein ozeanisches Klima. Dies bedeutet, dass es im Herbst und Winter reichlich Niederschl\u00e4ge gibt, die Winter relativ mild sind und es im Sommer nicht so heiss wird. Aber es gibt unz\u00e4hlige Mikroklimas aufgrund unserer geografischen Lage, gepr\u00e4gt von gr\u00fcnen Bergen und dem Einfluss [&hellip;]<\/p>\n","protected":false},"author":1,"featured_media":0,"parent":0,"menu_order":0,"comment_status":"closed","ping_status":"closed","template":"elementor_header_footer","meta":{"_joinchat":[],"footnotes":""},"class_list":["post-3840","page","type-page","status-publish","hentry"],"yoast_head":"<!-- This site is optimized with the Yoast SEO plugin v25.1 - https:\/\/yoast.com\/wordpress\/plugins\/seo\/ -->\n<title>Vermietung von Ferienwohnung in Asturien - Casa entre Sueve y Picos<\/title>\n<meta name=\"description\" content=\"Vermietung von Ferienwohnung in Asturien Buchen Sie jetzt die exclusive Unterkunft. Ein herrlicher Blick auf das Hochgebirge &quot;Picos de Europa&quot;. Ganz in der N\u00e4he der gr\u00fcnen MeeresK\u00fcste.\" \/>\n<meta name=\"robots\" content=\"index, follow, max-snippet:-1, max-image-preview:large, max-video-preview:-1\" \/>\n<link rel=\"canonical\" href=\"https:\/\/casaentresueveypicos.com\/de\/umgebung\/\" \/>\n<meta property=\"og:locale\" content=\"de_DE\" \/>\n<meta property=\"og:type\" content=\"article\" \/>\n<meta property=\"og:title\" content=\"Vermietung von Landhaus in Asturien\" \/>\n<meta property=\"og:description\" content=\"Vermietung von Ferienwohnung in Asturien Buchen Sie jetzt die exclusive Unterkunft. Ein herrlicher Blick auf das Hochgebirge &quot;Picos de Europa&quot;. Ganz in der N\u00e4he der gr\u00fcnen MeeresK\u00fcste.\" \/>\n<meta property=\"og:url\" content=\"https:\/\/casaentresueveypicos.com\/de\/umgebung\/\" \/>\n<meta property=\"og:site_name\" content=\"Casa entre Sueve y Picos\" \/>\n<meta property=\"article:modified_time\" content=\"2021-04-28T17:15:41+00:00\" \/>\n<meta property=\"og:image\" content=\"https:\/\/casaentresueveypicos.com\/wp-content\/uploads\/2021\/03\/Vista-desde-el-bano-en-planta-baja-al-majestuoso-roble-situado-en-una-finca-al-este.-1.jpg\" \/>\n<meta name=\"twitter:card\" content=\"summary_large_image\" \/>\n<meta name=\"twitter:label1\" content=\"Gesch\u00e4tzte Lesezeit\" \/>\n\t<meta name=\"twitter:data1\" content=\"3\u00a0Minuten\" \/>\n<script type=\"application\/ld+json\" class=\"yoast-schema-graph\">{\"@context\":\"https:\/\/schema.org\",\"@graph\":[{\"@type\":\"WebPage\",\"@id\":\"https:\/\/casaentresueveypicos.com\/de\/umgebung\/\",\"url\":\"https:\/\/casaentresueveypicos.com\/de\/umgebung\/\",\"name\":\"Vermietung von Ferienwohnung in Asturien - Casa entre Sueve y Picos\",\"isPartOf\":{\"@id\":\"https:\/\/casaentresueveypicos.com\/de\/#website\"},\"primaryImageOfPage\":{\"@id\":\"https:\/\/casaentresueveypicos.com\/de\/umgebung\/#primaryimage\"},\"image\":{\"@id\":\"https:\/\/casaentresueveypicos.com\/de\/umgebung\/#primaryimage\"},\"thumbnailUrl\":\"https:\/\/casaentresueveypicos.com\/wp-content\/uploads\/2021\/03\/Arriondas-Picos-nevados-1-1024x461.jpg\",\"datePublished\":\"2021-04-27T21:48:36+00:00\",\"dateModified\":\"2021-04-28T17:15:41+00:00\",\"description\":\"Vermietung von Ferienwohnung in Asturien Buchen Sie jetzt die exclusive Unterkunft. Ein herrlicher Blick auf das Hochgebirge \\\"Picos de Europa\\\". Ganz in der N\u00e4he der gr\u00fcnen MeeresK\u00fcste.\",\"breadcrumb\":{\"@id\":\"https:\/\/casaentresueveypicos.com\/de\/umgebung\/#breadcrumb\"},\"inLanguage\":\"de\",\"potentialAction\":[{\"@type\":\"ReadAction\",\"target\":[\"https:\/\/casaentresueveypicos.com\/de\/umgebung\/\"]}]},{\"@type\":\"ImageObject\",\"inLanguage\":\"de\",\"@id\":\"https:\/\/casaentresueveypicos.com\/de\/umgebung\/#primaryimage\",\"url\":\"https:\/\/casaentresueveypicos.com\/wp-content\/uploads\/2021\/03\/Arriondas-Picos-nevados-1-1024x461.jpg\",\"contentUrl\":\"https:\/\/casaentresueveypicos.com\/wp-content\/uploads\/2021\/03\/Arriondas-Picos-nevados-1-1024x461.jpg\"},{\"@type\":\"BreadcrumbList\",\"@id\":\"https:\/\/casaentresueveypicos.com\/de\/umgebung\/#breadcrumb\",\"itemListElement\":[{\"@type\":\"ListItem\",\"position\":1,\"name\":\"Inicio\",\"item\":\"https:\/\/casaentresueveypicos.com\/de\/\"},{\"@type\":\"ListItem\",\"position\":2,\"name\":\"Umgebung\"}]},{\"@type\":\"WebSite\",\"@id\":\"https:\/\/casaentresueveypicos.com\/de\/#website\",\"url\":\"https:\/\/casaentresueveypicos.com\/de\/\",\"name\":\"Casa entre Sueve y Picos\",\"description\":\"Casa Rural en Arriondas\",\"potentialAction\":[{\"@type\":\"SearchAction\",\"target\":{\"@type\":\"EntryPoint\",\"urlTemplate\":\"https:\/\/casaentresueveypicos.com\/de\/?s={search_term_string}\"},\"query-input\":{\"@type\":\"PropertyValueSpecification\",\"valueRequired\":true,\"valueName\":\"search_term_string\"}}],\"inLanguage\":\"de\"}]}<\/script>\n<!-- \/ Yoast SEO plugin. -->","yoast_head_json":{"title":"Vermietung von Ferienwohnung in Asturien - Casa entre Sueve y Picos","description":"Vermietung von Ferienwohnung in Asturien Buchen Sie jetzt die exclusive Unterkunft. Ein herrlicher Blick auf das Hochgebirge \"Picos de Europa\". Ganz in der N\u00e4he der gr\u00fcnen MeeresK\u00fcste.","robots":{"index":"index","follow":"follow","max-snippet":"max-snippet:-1","max-image-preview":"max-image-preview:large","max-video-preview":"max-video-preview:-1"},"canonical":"https:\/\/casaentresueveypicos.com\/de\/umgebung\/","og_locale":"de_DE","og_type":"article","og_title":"Vermietung von Landhaus in Asturien","og_description":"Vermietung von Ferienwohnung in Asturien Buchen Sie jetzt die exclusive Unterkunft. Ein herrlicher Blick auf das Hochgebirge \"Picos de Europa\". Ganz in der N\u00e4he der gr\u00fcnen MeeresK\u00fcste.","og_url":"https:\/\/casaentresueveypicos.com\/de\/umgebung\/","og_site_name":"Casa entre Sueve y Picos","article_modified_time":"2021-04-28T17:15:41+00:00","og_image":[{"url":"https:\/\/casaentresueveypicos.com\/wp-content\/uploads\/2021\/03\/Vista-desde-el-bano-en-planta-baja-al-majestuoso-roble-situado-en-una-finca-al-este.-1.jpg","type":"","width":"","height":""}],"twitter_card":"summary_large_image","twitter_misc":{"Gesch\u00e4tzte Lesezeit":"3\u00a0Minuten"},"schema":{"@context":"https:\/\/schema.org","@graph":[{"@type":"WebPage","@id":"https:\/\/casaentresueveypicos.com\/de\/umgebung\/","url":"https:\/\/casaentresueveypicos.com\/de\/umgebung\/","name":"Vermietung von Ferienwohnung in Asturien - Casa entre Sueve y Picos","isPartOf":{"@id":"https:\/\/casaentresueveypicos.com\/de\/#website"},"primaryImageOfPage":{"@id":"https:\/\/casaentresueveypicos.com\/de\/umgebung\/#primaryimage"},"image":{"@id":"https:\/\/casaentresueveypicos.com\/de\/umgebung\/#primaryimage"},"thumbnailUrl":"https:\/\/casaentresueveypicos.com\/wp-content\/uploads\/2021\/03\/Arriondas-Picos-nevados-1-1024x461.jpg","datePublished":"2021-04-27T21:48:36+00:00","dateModified":"2021-04-28T17:15:41+00:00","description":"Vermietung von Ferienwohnung in Asturien Buchen Sie jetzt die exclusive Unterkunft. Ein herrlicher Blick auf das Hochgebirge \"Picos de Europa\". Ganz in der N\u00e4he der gr\u00fcnen MeeresK\u00fcste.","breadcrumb":{"@id":"https:\/\/casaentresueveypicos.com\/de\/umgebung\/#breadcrumb"},"inLanguage":"de","potentialAction":[{"@type":"ReadAction","target":["https:\/\/casaentresueveypicos.com\/de\/umgebung\/"]}]},{"@type":"ImageObject","inLanguage":"de","@id":"https:\/\/casaentresueveypicos.com\/de\/umgebung\/#primaryimage","url":"https:\/\/casaentresueveypicos.com\/wp-content\/uploads\/2021\/03\/Arriondas-Picos-nevados-1-1024x461.jpg","contentUrl":"https:\/\/casaentresueveypicos.com\/wp-content\/uploads\/2021\/03\/Arriondas-Picos-nevados-1-1024x461.jpg"},{"@type":"BreadcrumbList","@id":"https:\/\/casaentresueveypicos.com\/de\/umgebung\/#breadcrumb","itemListElement":[{"@type":"ListItem","position":1,"name":"Inicio","item":"https:\/\/casaentresueveypicos.com\/de\/"},{"@type":"ListItem","position":2,"name":"Umgebung"}]},{"@type":"WebSite","@id":"https:\/\/casaentresueveypicos.com\/de\/#website","url":"https:\/\/casaentresueveypicos.com\/de\/","name":"Casa entre Sueve y Picos","description":"Casa Rural en Arriondas","potentialAction":[{"@type":"SearchAction","target":{"@type":"EntryPoint","urlTemplate":"https:\/\/casaentresueveypicos.com\/de\/?s={search_term_string}"},"query-input":{"@type":"PropertyValueSpecification","valueRequired":true,"valueName":"search_term_string"}}],"inLanguage":"de"}]}},"_links":{"self":[{"href":"https:\/\/casaentresueveypicos.com\/de\/wp-json\/wp\/v2\/pages\/3840","targetHints":{"allow":["GET"]}}],"collection":[{"href":"https:\/\/casaentresueveypicos.com\/de\/wp-json\/wp\/v2\/pages"}],"about":[{"href":"https:\/\/casaentresueveypicos.com\/de\/wp-json\/wp\/v2\/types\/page"}],"author":[{"embeddable":true,"href":"https:\/\/casaentresueveypicos.com\/de\/wp-json\/wp\/v2\/users\/1"}],"replies":[{"embeddable":true,"href":"https:\/\/casaentresueveypicos.com\/de\/wp-json\/wp\/v2\/comments?post=3840"}],"version-history":[{"count":5,"href":"https:\/\/casaentresueveypicos.com\/de\/wp-json\/wp\/v2\/pages\/3840\/revisions"}],"predecessor-version":[{"id":3870,"href":"https:\/\/casaentresueveypicos.com\/de\/wp-json\/wp\/v2\/pages\/3840\/revisions\/3870"}],"wp:attachment":[{"href":"https:\/\/casaentresueveypicos.com\/de\/wp-json\/wp\/v2\/media?parent=3840"}],"curies":[{"name":"wp","href":"https:\/\/api.w.org\/{rel}","templated":true}]}}