{"id":3585,"date":"2021-04-18T00:13:14","date_gmt":"2021-04-17T22:13:14","guid":{"rendered":"https:\/\/casarural.dipixel.es\/reserva-on-line\/"},"modified":"2021-05-06T21:38:13","modified_gmt":"2021-05-06T19:38:13","slug":"reserva-on-line","status":"publish","type":"page","link":"https:\/\/casaentresueveypicos.com\/de\/reserva-on-line\/","title":{"rendered":"Online &#8211; Reservierung"},"content":{"rendered":"\t\t<div data-elementor-type=\"wp-page\" data-elementor-id=\"3585\" class=\"elementor elementor-3585 elementor-1048\" data-elementor-post-type=\"page\">\n\t\t\t\t\t\t<section data-dce-background-image-url=\"https:\/\/casaentresueveypicos.com\/wp-content\/uploads\/2021\/03\/Fachada-Sur-este.jpg\" class=\"elementor-section elementor-top-section elementor-element elementor-element-72e91733 elementor-section-full_width elementor-section-content-middle elementor-section-height-min-height elementor-section-height-default elementor-section-items-middle\" data-id=\"72e91733\" data-element_type=\"section\" data-settings=\"{&quot;background_background&quot;:&quot;classic&quot;,&quot;background_motion_fx_motion_fx_scrolling&quot;:&quot;yes&quot;,&quot;background_motion_fx_translateY_effect&quot;:&quot;yes&quot;,&quot;background_motion_fx_translateY_speed&quot;:{&quot;unit&quot;:&quot;px&quot;,&quot;size&quot;:4,&quot;sizes&quot;:[]},&quot;background_motion_fx_translateY_affectedRange&quot;:{&quot;unit&quot;:&quot;%&quot;,&quot;size&quot;:&quot;&quot;,&quot;sizes&quot;:{&quot;start&quot;:0,&quot;end&quot;:100}},&quot;background_motion_fx_devices&quot;:[&quot;desktop&quot;,&quot;tablet&quot;,&quot;mobile&quot;]}\">\n\t\t\t\t\t\t<div class=\"elementor-container elementor-column-gap-default\">\n\t\t\t\t\t<div class=\"elementor-column elementor-col-100 elementor-top-column elementor-element elementor-element-5ab091ae\" data-id=\"5ab091ae\" data-element_type=\"column\">\n\t\t\t<div class=\"elementor-widget-wrap elementor-element-populated\">\n\t\t\t\t\t\t<div class=\"elementor-element elementor-element-362079f4 elementor-widget elementor-widget-heading\" data-id=\"362079f4\" data-element_type=\"widget\" data-widget_type=\"heading.default\">\n\t\t\t\t<div class=\"elementor-widget-container\">\n\t\t\t\t\t<h1 class=\"elementor-heading-title elementor-size-default\">Online - Reservierung<\/h1>\t\t\t\t<\/div>\n\t\t\t\t<\/div>\n\t\t\t\t\t<\/div>\n\t\t<\/div>\n\t\t\t\t\t<\/div>\n\t\t<\/section>\n\t\t\t\t<section class=\"elementor-section elementor-top-section elementor-element elementor-element-cbcba7b elementor-section-boxed elementor-section-height-default elementor-section-height-default\" data-id=\"cbcba7b\" data-element_type=\"section\">\n\t\t\t\t\t\t<div class=\"elementor-container elementor-column-gap-default\">\n\t\t\t\t\t<div class=\"elementor-column elementor-col-50 elementor-top-column elementor-element elementor-element-7c81f46\" data-id=\"7c81f46\" data-element_type=\"column\">\n\t\t\t<div class=\"elementor-widget-wrap elementor-element-populated\">\n\t\t\t\t\t\t<div class=\"elementor-element elementor-element-cde6ca9 elementor-widget elementor-widget-heading\" data-id=\"cde6ca9\" data-element_type=\"widget\" data-widget_type=\"heading.default\">\n\t\t\t\t<div class=\"elementor-widget-container\">\n\t\t\t\t\t<h4 class=\"elementor-heading-title elementor-size-default\">Online - Reservierung<\/h4>\t\t\t\t<\/div>\n\t\t\t\t<\/div>\n\t\t\t\t<div class=\"elementor-element elementor-element-e0ffb43 elementor-widget elementor-widget-text-editor\" data-id=\"e0ffb43\" data-element_type=\"widget\" data-widget_type=\"text-editor.default\">\n\t\t\t\t<div class=\"elementor-widget-container\">\n\t\t\t\t\t\t\t\t\t<p>W\u00e4hlen Sie das vorgesehene Einreise- und Ausreisedatum f\u00fcr Ihre Unterkunft.<\/p>\n<p><strong>Hinweis<\/strong>: Verwenden Sie den Verf\u00fcgbarkeitskalender f\u00fcr eine bessere \u00dcbersicht \u00fcber verf\u00fcgbare Daten.<\/p>\n\t\t\t\t\t\t\t\t<\/div>\n\t\t\t\t<\/div>\n\t\t\t\t<div class=\"elementor-element elementor-element-e655fb6 elementor-widget elementor-widget-mphbe-availability\" data-id=\"e655fb6\" data-element_type=\"widget\" data-settings=\"{&quot;hide_labels&quot;:&quot;no&quot;,&quot;no_paddings&quot;:&quot;no&quot;,&quot;hide_tips&quot;:&quot;no&quot;,&quot;stretch_btn&quot;:&quot;no&quot;}\" data-widget_type=\"mphbe-availability.default\">\n\t\t\t\t<div class=\"elementor-widget-container\">\n\t\t\t\t\t<div class=\"mphb_sc_booking_form-wrapper is-direct-booking is-style-default \">\t<form method=\"POST\" action=\"https:\/\/casaentresueveypicos.com\/de\/reservierungsbestaetigung-kundendaten-klicken-sie-hier-um-die-uebersetzung-zu-bearbeiten\/\" class=\"mphb-booking-form mphb-booking-form--direct-booking\" id=\"booking-form-3599\" data-first_available_check_in_date=\"2027-05-05\">\n\n\t\t<p class=\"mphb-required-fields-tip\"><small>Erforderliche Felder werden gefolgt von <abbr title=\"required\">*<\/abbr><\/small><\/p>\n\t\t<input type=\"hidden\" id=\"mphb-checkout-nonce\" name=\"mphb-checkout-nonce\" value=\"228223a0c6\" \/><input type=\"hidden\" name=\"_wp_http_referer\" value=\"\/de\/wp-json\/wp\/v2\/pages\/3585\" \/>\t\t\t\t<input type=\"hidden\" name=\"mphb_room_type_id\" value=\"3599\" \/>\n\t\t<p class=\"mphb-check-in-date-wrapper\">\n\t\t\t<label for=\"mphb_check_in_date-69f3e5455b755\">\n\t\t\t\tAnreisedatum\t\t\t\t<abbr title=\"Formatiert als dd\/mm\/yyyy\">*<\/abbr>\n\t\t\t<\/label>\n\t\t\t<br \/>\n\t\t\t<input id=\"mphb_check_in_date-69f3e5455b755\" type=\"text\" class=\"mphb-datepick\" value=\"\" required=\"required\" autocomplete=\"off\" placeholder=\"Anreisedatum\" inputmode=\"none\" \/>\n\t\t\t<input id=\"mphb_check_in_date-69f3e5455b755-hidden\" type=\"hidden\" name=\"mphb_check_in_date\" value=\"\" \/>\n\t\t<\/p>\n\t\t<p class=\"mphb-check-out-date-wrapper\">\n\t\t\t<label for=\"mphb_check_out_date-69f3e5455b755\">\n\t\t\t\tAbreisedatum\t\t\t\t<abbr title=\"Formatiert als dd\/mm\/yyyy\">*<\/abbr>\n\t\t\t<\/label>\n\t\t\t<br \/>\n\t\t\t<input id=\"mphb_check_out_date-69f3e5455b755\" type=\"text\" class=\"mphb-datepick\" value=\"\" required=\"required\" autocomplete=\"off\" placeholder=\"Abreisedatum\" inputmode=\"none\" \/>\n\t\t\t<input id=\"mphb_check_out_date-69f3e5455b755-hidden\" type=\"hidden\" name=\"mphb_check_out_date\" value=\"\" \/>\n\t\t<\/p>\n\t\t\t\t\t\t\t<div class=\"mphb-reserve-room-section mphb-hide\">\n\t\t\t\t<p class=\"mphb-rooms-quantity-wrapper mphb-rooms-quantity-multiple mphb-hide\">\n\t\t\t\t<select class=\"mphb-rooms-quantity\" id=\"mphb-rooms-quantity-3599\" name=\"mphb_rooms_details[3599]\"><option value=\"1\" selected=\"selected\">1<\/option><\/select> of <span class=\"mphb-available-rooms-count\">1<\/span> verf\u00fcgbare Unterk\u00fcnfte reservieren.\t\t\t\t<\/p>\n\t\t\t\t<p class=\"mphb-rooms-quantity-wrapper mphb-rooms-quantity-single mphb-hide\">\n\t\t\t\t\tFerienhaus &quot;Casa entre Sueve y Picos&quot; ist f\u00fcr ausgew\u00e4hlte Daten verf\u00fcgbar.\t\t\t\t<\/p>\n\t\t\t\t\t\t\t\t\t<p class=\"mphb-period-price mphb-regular-price mphb-hide\">\n\t\t\t\t\t\t<strong>Preis von:<\/strong>\n\t\t\t\t\t<\/p>\n\t\t\t\t\t\t\t\t<input type=\"hidden\" name=\"mphb_is_direct_booking\" value=\"1\" \/>\n\t\t\t\t<input class=\"button mphb-button mphb-confirm-reservation\" type=\"submit\" value=\"Reservierung best\u00e4tigen\" \/>\n\t\t\t<\/div>\n\t\t\n\t\t<div class=\"mphb-errors-wrapper mphb-hide\"><\/div>\n\t\t<p class=\"mphb-reserve-btn-wrapper\">\n\t\t\t<input class=\"mphb-reserve-btn button\" type=\"submit\" value=\"Verf\u00fcgbarkeit pr\u00fcfen\" \/>\n\t\t<\/p>\n\t<\/form>\n\t<\/div>\t\t\t\t<\/div>\n\t\t\t\t<\/div>\n\t\t\t\t<div class=\"elementor-element elementor-element-c9c8c5d elementor-widget elementor-widget-mphbe-rates\" data-id=\"c9c8c5d\" data-element_type=\"widget\" data-widget_type=\"mphbe-rates.default\">\n\t\t\t\t<div class=\"elementor-widget-container\">\n\t\t\t\t\t<div class=\"mphb_sc_room_rates-wrapper \"><\/div>\t\t\t\t<\/div>\n\t\t\t\t<\/div>\n\t\t\t\t\t<\/div>\n\t\t<\/div>\n\t\t\t\t<div class=\"elementor-column elementor-col-50 elementor-top-column elementor-element elementor-element-655670b\" data-id=\"655670b\" data-element_type=\"column\">\n\t\t\t<div class=\"elementor-widget-wrap elementor-element-populated\">\n\t\t\t\t\t\t<div class=\"elementor-element elementor-element-436ef7a elementor-widget elementor-widget-heading\" data-id=\"436ef7a\" data-element_type=\"widget\" data-widget_type=\"heading.default\">\n\t\t\t\t<div class=\"elementor-widget-container\">\n\t\t\t\t\t<h4 class=\"elementor-heading-title elementor-size-default\">Verf\u00fcgbarkeitskalender<\/h4>\t\t\t\t<\/div>\n\t\t\t\t<\/div>\n\t\t\t\t<div class=\"elementor-element elementor-element-761093e elementor-widget elementor-widget-text-editor\" data-id=\"761093e\" data-element_type=\"widget\" data-widget_type=\"text-editor.default\">\n\t\t\t\t<div class=\"elementor-widget-container\">\n\t\t\t\t\t\t\t\t\t<p>\u00dcberpr\u00fcfen Sie die verf\u00fcgbaren Daten im Kalender<\/p>\n<p><strong>Anmerkung:<\/strong>Um eine Buchung vorzunehmen, w\u00e4hlen Sie in der Spalte &#8222;Buchungen&#8220; das Ankunfts- und Abreisedatum.<\/p>\n\t\t\t\t\t\t\t\t<\/div>\n\t\t\t\t<\/div>\n\t\t\t\t<div class=\"elementor-element elementor-element-8fb52d2 elementor-widget elementor-widget-mphbe-availability-calendar\" data-id=\"8fb52d2\" data-element_type=\"widget\" data-widget_type=\"mphbe-availability-calendar.default\">\n\t\t\t\t<div class=\"elementor-widget-container\">\n\t\t\t\t\t<div class=\"mphb_sc_availability_calendar-wrapper\">\t<div class=\"mphb-calendar mphb-datepick inlinePicker mphb-calendar--direct-booking\" data-room-type-id=\"3599\" data-monthstoshow=\"2\" data-is_show_prices=\"0\" data-is_truncate_prices=\"1\" data-is_show_prices_currency=\"0\" data-first_available_check_in_date=\"2027-05-05\"><\/div>\n\t<\/div>\t\t\t\t<\/div>\n\t\t\t\t<\/div>\n\t\t\t\t\t<\/div>\n\t\t<\/div>\n\t\t\t\t\t<\/div>\n\t\t<\/section>\n\t\t\t\t<\/div>\n\t\t","protected":false},"excerpt":{"rendered":"<p>Online &#8211; Reservierung Online &#8211; Reservierung W\u00e4hlen Sie das vorgesehene Einreise- und Ausreisedatum f\u00fcr Ihre Unterkunft. Hinweis: Verwenden Sie den Verf\u00fcgbarkeitskalender f\u00fcr eine bessere \u00dcbersicht \u00fcber verf\u00fcgbare Daten. Erforderliche Felder werden gefolgt von * Anreisedatum * Abreisedatum * 1 of 1 verf\u00fcgbare Unterk\u00fcnfte reservieren. Ferienhaus &#8222;Casa entre Sueve y Picos&#8220; ist f\u00fcr ausgew\u00e4hlte Daten verf\u00fcgbar. [&hellip;]<\/p>\n","protected":false},"author":1,"featured_media":0,"parent":0,"menu_order":0,"comment_status":"closed","ping_status":"closed","template":"elementor_header_footer","meta":{"_joinchat":[],"footnotes":""},"class_list":["post-3585","page","type-page","status-publish","hentry"],"yoast_head":"<!-- This site is optimized with the Yoast SEO plugin v25.1 - https:\/\/yoast.com\/wordpress\/plugins\/seo\/ -->\n<title>Buchen Sie Landhaus in Asturien - Casa entre Sueve y Picos<\/title>\n<meta name=\"description\" content=\"L\u00e4ndliche Ferienwohnung in Asturien. Buchen sie jetzt ihren Kurstrip - Kurzurlaub zum romantischen Wochenendausflug in einzigartiger Landschaft. Ausblick auf die Gipfel der &quot;Picos de Europa&quot;.\" \/>\n<meta name=\"robots\" content=\"index, follow, max-snippet:-1, max-image-preview:large, max-video-preview:-1\" \/>\n<link rel=\"canonical\" href=\"https:\/\/casaentresueveypicos.com\/de\/reserva-on-line\/\" \/>\n<meta property=\"og:locale\" content=\"de_DE\" \/>\n<meta property=\"og:type\" content=\"article\" \/>\n<meta property=\"og:title\" content=\"L\u00e4ndliches Ferienhaus in Asturien\" \/>\n<meta property=\"og:description\" content=\"L\u00e4ndliche Ferienwohnung in Asturien. Buchen sie jetzt ihren Kurstrip - Kurzurlaub zum romantischen Wochenendausflug in einzigartiger Landschaft. Ausblick auf die Gipfel der &quot;Picos de Europa&quot;.\" \/>\n<meta property=\"og:url\" content=\"https:\/\/casaentresueveypicos.com\/de\/reserva-on-line\/\" \/>\n<meta property=\"og:site_name\" content=\"Casa entre Sueve y Picos\" \/>\n<meta property=\"article:modified_time\" content=\"2021-05-06T19:38:13+00:00\" \/>\n<meta property=\"og:image\" content=\"https:\/\/casaentresueveypicos.com\/wp-content\/uploads\/2021\/03\/Terraza-en-bajo-cubierta.jpg\" \/>\n<meta name=\"twitter:card\" content=\"summary_large_image\" \/>\n<meta name=\"twitter:label1\" content=\"Gesch\u00e4tzte Lesezeit\" \/>\n\t<meta name=\"twitter:data1\" content=\"1\u00a0Minute\" \/>\n<script type=\"application\/ld+json\" class=\"yoast-schema-graph\">{\"@context\":\"https:\/\/schema.org\",\"@graph\":[{\"@type\":\"WebPage\",\"@id\":\"https:\/\/casaentresueveypicos.com\/de\/reserva-on-line\/\",\"url\":\"https:\/\/casaentresueveypicos.com\/de\/reserva-on-line\/\",\"name\":\"Buchen Sie Landhaus in Asturien - Casa entre Sueve y Picos\",\"isPartOf\":{\"@id\":\"https:\/\/casaentresueveypicos.com\/de\/#website\"},\"datePublished\":\"2021-04-17T22:13:14+00:00\",\"dateModified\":\"2021-05-06T19:38:13+00:00\",\"description\":\"L\u00e4ndliche Ferienwohnung in Asturien. Buchen sie jetzt ihren Kurstrip - Kurzurlaub zum romantischen Wochenendausflug in einzigartiger Landschaft. Ausblick auf die Gipfel der \\\"Picos de Europa\\\".\",\"breadcrumb\":{\"@id\":\"https:\/\/casaentresueveypicos.com\/de\/reserva-on-line\/#breadcrumb\"},\"inLanguage\":\"de\",\"potentialAction\":[{\"@type\":\"ReadAction\",\"target\":[\"https:\/\/casaentresueveypicos.com\/de\/reserva-on-line\/\"]}]},{\"@type\":\"BreadcrumbList\",\"@id\":\"https:\/\/casaentresueveypicos.com\/de\/reserva-on-line\/#breadcrumb\",\"itemListElement\":[{\"@type\":\"ListItem\",\"position\":1,\"name\":\"Inicio\",\"item\":\"https:\/\/casaentresueveypicos.com\/de\/\"},{\"@type\":\"ListItem\",\"position\":2,\"name\":\"Online &#8211; Reservierung\"}]},{\"@type\":\"WebSite\",\"@id\":\"https:\/\/casaentresueveypicos.com\/de\/#website\",\"url\":\"https:\/\/casaentresueveypicos.com\/de\/\",\"name\":\"Casa entre Sueve y Picos\",\"description\":\"Casa Rural en Arriondas\",\"potentialAction\":[{\"@type\":\"SearchAction\",\"target\":{\"@type\":\"EntryPoint\",\"urlTemplate\":\"https:\/\/casaentresueveypicos.com\/de\/?s={search_term_string}\"},\"query-input\":{\"@type\":\"PropertyValueSpecification\",\"valueRequired\":true,\"valueName\":\"search_term_string\"}}],\"inLanguage\":\"de\"}]}<\/script>\n<!-- \/ Yoast SEO plugin. -->","yoast_head_json":{"title":"Buchen Sie Landhaus in Asturien - Casa entre Sueve y Picos","description":"L\u00e4ndliche Ferienwohnung in Asturien. Buchen sie jetzt ihren Kurstrip - Kurzurlaub zum romantischen Wochenendausflug in einzigartiger Landschaft. Ausblick auf die Gipfel der \"Picos de Europa\".","robots":{"index":"index","follow":"follow","max-snippet":"max-snippet:-1","max-image-preview":"max-image-preview:large","max-video-preview":"max-video-preview:-1"},"canonical":"https:\/\/casaentresueveypicos.com\/de\/reserva-on-line\/","og_locale":"de_DE","og_type":"article","og_title":"L\u00e4ndliches Ferienhaus in Asturien","og_description":"L\u00e4ndliche Ferienwohnung in Asturien. Buchen sie jetzt ihren Kurstrip - Kurzurlaub zum romantischen Wochenendausflug in einzigartiger Landschaft. Ausblick auf die Gipfel der \"Picos de Europa\".","og_url":"https:\/\/casaentresueveypicos.com\/de\/reserva-on-line\/","og_site_name":"Casa entre Sueve y Picos","article_modified_time":"2021-05-06T19:38:13+00:00","og_image":[{"url":"https:\/\/casaentresueveypicos.com\/wp-content\/uploads\/2021\/03\/Terraza-en-bajo-cubierta.jpg","type":"","width":"","height":""}],"twitter_card":"summary_large_image","twitter_misc":{"Gesch\u00e4tzte Lesezeit":"1\u00a0Minute"},"schema":{"@context":"https:\/\/schema.org","@graph":[{"@type":"WebPage","@id":"https:\/\/casaentresueveypicos.com\/de\/reserva-on-line\/","url":"https:\/\/casaentresueveypicos.com\/de\/reserva-on-line\/","name":"Buchen Sie Landhaus in Asturien - Casa entre Sueve y Picos","isPartOf":{"@id":"https:\/\/casaentresueveypicos.com\/de\/#website"},"datePublished":"2021-04-17T22:13:14+00:00","dateModified":"2021-05-06T19:38:13+00:00","description":"L\u00e4ndliche Ferienwohnung in Asturien. Buchen sie jetzt ihren Kurstrip - Kurzurlaub zum romantischen Wochenendausflug in einzigartiger Landschaft. Ausblick auf die Gipfel der \"Picos de Europa\".","breadcrumb":{"@id":"https:\/\/casaentresueveypicos.com\/de\/reserva-on-line\/#breadcrumb"},"inLanguage":"de","potentialAction":[{"@type":"ReadAction","target":["https:\/\/casaentresueveypicos.com\/de\/reserva-on-line\/"]}]},{"@type":"BreadcrumbList","@id":"https:\/\/casaentresueveypicos.com\/de\/reserva-on-line\/#breadcrumb","itemListElement":[{"@type":"ListItem","position":1,"name":"Inicio","item":"https:\/\/casaentresueveypicos.com\/de\/"},{"@type":"ListItem","position":2,"name":"Online &#8211; Reservierung"}]},{"@type":"WebSite","@id":"https:\/\/casaentresueveypicos.com\/de\/#website","url":"https:\/\/casaentresueveypicos.com\/de\/","name":"Casa entre Sueve y Picos","description":"Casa Rural en Arriondas","potentialAction":[{"@type":"SearchAction","target":{"@type":"EntryPoint","urlTemplate":"https:\/\/casaentresueveypicos.com\/de\/?s={search_term_string}"},"query-input":{"@type":"PropertyValueSpecification","valueRequired":true,"valueName":"search_term_string"}}],"inLanguage":"de"}]}},"_links":{"self":[{"href":"https:\/\/casaentresueveypicos.com\/de\/wp-json\/wp\/v2\/pages\/3585","targetHints":{"allow":["GET"]}}],"collection":[{"href":"https:\/\/casaentresueveypicos.com\/de\/wp-json\/wp\/v2\/pages"}],"about":[{"href":"https:\/\/casaentresueveypicos.com\/de\/wp-json\/wp\/v2\/types\/page"}],"author":[{"embeddable":true,"href":"https:\/\/casaentresueveypicos.com\/de\/wp-json\/wp\/v2\/users\/1"}],"replies":[{"embeddable":true,"href":"https:\/\/casaentresueveypicos.com\/de\/wp-json\/wp\/v2\/comments?post=3585"}],"version-history":[{"count":5,"href":"https:\/\/casaentresueveypicos.com\/de\/wp-json\/wp\/v2\/pages\/3585\/revisions"}],"predecessor-version":[{"id":4523,"href":"https:\/\/casaentresueveypicos.com\/de\/wp-json\/wp\/v2\/pages\/3585\/revisions\/4523"}],"wp:attachment":[{"href":"https:\/\/casaentresueveypicos.com\/de\/wp-json\/wp\/v2\/media?parent=3585"}],"curies":[{"name":"wp","href":"https:\/\/api.w.org\/{rel}","templated":true}]}}