{"id":3563,"date":"2021-04-17T18:16:54","date_gmt":"2021-04-17T16:16:54","guid":{"rendered":"https:\/\/casarural.dipixel.es\/standort\/"},"modified":"2021-05-06T21:42:32","modified_gmt":"2021-05-06T19:42:32","slug":"standort","status":"publish","type":"page","link":"https:\/\/casaentresueveypicos.com\/de\/standort\/","title":{"rendered":"Standort"},"content":{"rendered":"\t\t<div data-elementor-type=\"wp-page\" data-elementor-id=\"3563\" class=\"elementor elementor-3563 elementor-1054\" data-elementor-post-type=\"page\">\n\t\t\t\t\t\t<section class=\"elementor-section elementor-top-section elementor-element elementor-element-4b9b168d elementor-section-full_width elementor-section-height-default elementor-section-height-default\" data-id=\"4b9b168d\" data-element_type=\"section\">\n\t\t\t\t\t\t<div class=\"elementor-container elementor-column-gap-no\">\n\t\t\t\t\t<div class=\"elementor-column elementor-col-100 elementor-top-column elementor-element elementor-element-58d68ffe\" data-id=\"58d68ffe\" data-element_type=\"column\">\n\t\t\t<div class=\"elementor-widget-wrap elementor-element-populated\">\n\t\t\t\t\t\t<div class=\"elementor-element elementor-element-3fbb0c8b elementor-widget elementor-widget-google_maps\" data-id=\"3fbb0c8b\" data-element_type=\"widget\" data-widget_type=\"google_maps.default\">\n\t\t\t\t<div class=\"elementor-widget-container\">\n\t\t\t\t\t\t\t<div class=\"elementor-custom-embed\">\n\t\t\t<iframe loading=\"lazy\"\n\t\t\t\t\tsrc=\"https:\/\/maps.google.com\/maps?q=Vivienda%20vacacional%20%E2%80%9CCasa%20Entre%20Sueve%20y%20Picos%E2%80%9C&#038;t=m&#038;z=11&#038;output=embed&#038;iwloc=near\"\n\t\t\t\t\ttitle=\"Vivienda vacacional \u201cCasa Entre Sueve y Picos\u201c\"\n\t\t\t\t\taria-label=\"Vivienda vacacional \u201cCasa Entre Sueve y Picos\u201c\"\n\t\t\t><\/iframe>\n\t\t<\/div>\n\t\t\t\t\t\t<\/div>\n\t\t\t\t<\/div>\n\t\t\t\t\t<\/div>\n\t\t<\/div>\n\t\t\t\t\t<\/div>\n\t\t<\/section>\n\t\t\t\t<section class=\"elementor-section elementor-top-section elementor-element elementor-element-724032f6 elementor-section-boxed elementor-section-height-default elementor-section-height-default\" data-id=\"724032f6\" data-element_type=\"section\">\n\t\t\t\t\t\t<div class=\"elementor-container elementor-column-gap-default\">\n\t\t\t\t\t<div class=\"elementor-column elementor-col-50 elementor-top-column elementor-element elementor-element-15051c21\" data-id=\"15051c21\" data-element_type=\"column\">\n\t\t\t<div class=\"elementor-widget-wrap elementor-element-populated\">\n\t\t\t\t\t\t<div class=\"elementor-element elementor-element-8756746 elementor-widget elementor-widget-heading\" data-id=\"8756746\" data-element_type=\"widget\" data-widget_type=\"heading.default\">\n\t\t\t\t<div class=\"elementor-widget-container\">\n\t\t\t\t\t<h1 class=\"elementor-heading-title elementor-size-default\">Ferienhaus in Arriondas<\/h1>\t\t\t\t<\/div>\n\t\t\t\t<\/div>\n\t\t\t\t<section class=\"elementor-section elementor-inner-section elementor-element elementor-element-21c9ac43 elementor-section-content-top elementor-section-boxed elementor-section-height-default elementor-section-height-default\" data-id=\"21c9ac43\" data-element_type=\"section\">\n\t\t\t\t\t\t<div class=\"elementor-container elementor-column-gap-no\">\n\t\t\t\t\t<div class=\"elementor-column elementor-col-100 elementor-inner-column elementor-element elementor-element-30000336\" data-id=\"30000336\" data-element_type=\"column\">\n\t\t\t<div class=\"elementor-widget-wrap elementor-element-populated\">\n\t\t\t\t\t\t<div class=\"elementor-element elementor-element-71e17e3a elementor-widget elementor-widget-text-editor\" data-id=\"71e17e3a\" data-element_type=\"widget\" data-widget_type=\"text-editor.default\">\n\t\t\t\t<div class=\"elementor-widget-container\">\n\t\t\t\t\t\t\t\t\t<p>Erleben Sie die Natur, ohne die Wahl zwischen <strong>Meer und Berg<\/strong>&#8211; <strong>Erholung und Abenteuer.<\/strong><\/p>\n<p>Entdecken Sie unser Landhaus in einer ruhigen, idyllischen Lage.<\/p>\n<p>Die au\u00dfergew\u00f6hnliche Lage erm\u00f6glicht es unseren G\u00e4sten, inmitten der Natur Ruhe zu finden, umgeben von einem gro\u00dfen Grundst\u00fcck mit ausreichendem Privatparkplatz. Es liegt abseits der Stra\u00dfe, aber mit einfachem Zugang und 3 km von Arriondas, 10 km von Cangas de On\u00eds, 17 km von der A-8 kantabrischen Autobahn und 65 km von Oviedo entfernt.<\/p>\n<p>Wir sind nur einen Schritt von allen Touristenattraktionen im Osten Asturiens entfernt, im Durchschnitt , 30 Autominuten und 35 km entfernt.<\/p>\n<p>W\u00e4hrend ihres Aufenthaltes, wird es ihr Zuhause sein. Es steht Ihnen zur vollen Verf\u00fcgung, damit Sie alle Ihre Dienste, spektakul\u00e4ren R\u00e4ume und Umgebung geniessen k\u00f6nnen.<\/p>\n\t\t\t\t\t\t\t\t<\/div>\n\t\t\t\t<\/div>\n\t\t\t\t\t<\/div>\n\t\t<\/div>\n\t\t\t\t\t<\/div>\n\t\t<\/section>\n\t\t\t\t\t<\/div>\n\t\t<\/div>\n\t\t\t\t<div class=\"elementor-column elementor-col-50 elementor-top-column elementor-element elementor-element-318f0ab6\" data-id=\"318f0ab6\" data-element_type=\"column\">\n\t\t\t<div class=\"elementor-widget-wrap elementor-element-populated\">\n\t\t\t\t\t\t<div class=\"elementor-element elementor-element-a85c55 elementor-widget elementor-widget-image\" data-id=\"a85c55\" data-element_type=\"widget\" data-widget_type=\"image.default\">\n\t\t\t\t<div class=\"elementor-widget-container\">\n\t\t\t\t\t\t\t\t\t\t\t\t\t\t\t<img fetchpriority=\"high\" decoding=\"async\" width=\"800\" height=\"360\" src=\"https:\/\/casaentresueveypicos.com\/wp-content\/uploads\/2021\/03\/Fachada-Sur-Jardin-1024x461.jpg\" class=\"attachment-large size-large wp-image-2699\" alt=\"\" srcset=\"https:\/\/casaentresueveypicos.com\/wp-content\/uploads\/2021\/03\/Fachada-Sur-Jardin-1024x461.jpg 1024w, https:\/\/casaentresueveypicos.com\/wp-content\/uploads\/2021\/03\/Fachada-Sur-Jardin-600x270.jpg 600w, https:\/\/casaentresueveypicos.com\/wp-content\/uploads\/2021\/03\/Fachada-Sur-Jardin-300x135.jpg 300w, https:\/\/casaentresueveypicos.com\/wp-content\/uploads\/2021\/03\/Fachada-Sur-Jardin-768x346.jpg 768w, https:\/\/casaentresueveypicos.com\/wp-content\/uploads\/2021\/03\/Fachada-Sur-Jardin-1536x691.jpg 1536w, https:\/\/casaentresueveypicos.com\/wp-content\/uploads\/2021\/03\/Fachada-Sur-Jardin.jpg 1920w\" sizes=\"(max-width: 800px) 100vw, 800px\" \/>\t\t\t\t\t\t\t\t\t\t\t\t\t\t\t<\/div>\n\t\t\t\t<\/div>\n\t\t\t\t\t<\/div>\n\t\t<\/div>\n\t\t\t\t\t<\/div>\n\t\t<\/section>\n\t\t\t\t<\/div>\n\t\t","protected":false},"excerpt":{"rendered":"<p>Ferienhaus in Arriondas Erleben Sie die Natur, ohne die Wahl zwischen Meer und Berg&#8211; Erholung und Abenteuer. Entdecken Sie unser Landhaus in einer ruhigen, idyllischen Lage. Die au\u00dfergew\u00f6hnliche Lage erm\u00f6glicht es unseren G\u00e4sten, inmitten der Natur Ruhe zu finden, umgeben von einem gro\u00dfen Grundst\u00fcck mit ausreichendem Privatparkplatz. Es liegt abseits der Stra\u00dfe, aber mit einfachem [&hellip;]<\/p>\n","protected":false},"author":1,"featured_media":0,"parent":0,"menu_order":0,"comment_status":"closed","ping_status":"closed","template":"elementor_header_footer","meta":{"_joinchat":[],"footnotes":""},"class_list":["post-3563","page","type-page","status-publish","hentry"],"yoast_head":"<!-- This site is optimized with the Yoast SEO plugin v25.1 - https:\/\/yoast.com\/wordpress\/plugins\/seo\/ -->\n<title>l\u00e4ndliches Ferienhaus in Asturien Arriondas - Casa entre Sueve y Picos<\/title>\n<meta name=\"description\" content=\"l\u00e4ndliche Ferienwohnung in Asturien Arriondas Entdecken Sie unser Landhaus in einer ruhigen, idyllischen Lage. Buchen Sie jetzt ihren Kurztrip - Kurzurlaub zum romantischen Wochenendausflug im l\u00e4ndlichen Asturien.\" \/>\n<meta name=\"robots\" content=\"index, follow, max-snippet:-1, max-image-preview:large, max-video-preview:-1\" \/>\n<link rel=\"canonical\" href=\"https:\/\/casaentresueveypicos.com\/de\/standort\/\" \/>\n<meta property=\"og:locale\" content=\"de_DE\" \/>\n<meta property=\"og:type\" content=\"article\" \/>\n<meta property=\"og:title\" content=\"Ferienwohnung in Asturien\" \/>\n<meta property=\"og:description\" content=\"l\u00e4ndliche Ferienwohnung in Asturien Arriondas Entdecken Sie unser Landhaus in einer ruhigen, idyllischen Lage. Buchen Sie jetzt ihren Kurztrip - Kurzurlaub zum romantischen Wochenendausflug im l\u00e4ndlichen Asturien.\" \/>\n<meta property=\"og:url\" content=\"https:\/\/casaentresueveypicos.com\/de\/standort\/\" \/>\n<meta property=\"og:site_name\" content=\"Casa entre Sueve y Picos\" \/>\n<meta property=\"article:modified_time\" content=\"2021-05-06T19:42:32+00:00\" \/>\n<meta property=\"og:image\" content=\"https:\/\/casaentresueveypicos.com\/wp-content\/uploads\/2021\/03\/Bancos-y-mesa-en-terraza-1.jpg\" \/>\n<meta name=\"twitter:card\" content=\"summary_large_image\" \/>\n<meta name=\"twitter:label1\" content=\"Gesch\u00e4tzte Lesezeit\" \/>\n\t<meta name=\"twitter:data1\" content=\"1\u00a0Minute\" \/>\n<script type=\"application\/ld+json\" class=\"yoast-schema-graph\">{\"@context\":\"https:\/\/schema.org\",\"@graph\":[{\"@type\":\"WebPage\",\"@id\":\"https:\/\/casaentresueveypicos.com\/de\/standort\/\",\"url\":\"https:\/\/casaentresueveypicos.com\/de\/standort\/\",\"name\":\"l\u00e4ndliches Ferienhaus in Asturien Arriondas - Casa entre Sueve y Picos\",\"isPartOf\":{\"@id\":\"https:\/\/casaentresueveypicos.com\/de\/#website\"},\"primaryImageOfPage\":{\"@id\":\"https:\/\/casaentresueveypicos.com\/de\/standort\/#primaryimage\"},\"image\":{\"@id\":\"https:\/\/casaentresueveypicos.com\/de\/standort\/#primaryimage\"},\"thumbnailUrl\":\"https:\/\/casaentresueveypicos.com\/wp-content\/uploads\/2021\/03\/Fachada-Sur-Jardin-1024x461.jpg\",\"datePublished\":\"2021-04-17T16:16:54+00:00\",\"dateModified\":\"2021-05-06T19:42:32+00:00\",\"description\":\"l\u00e4ndliche Ferienwohnung in Asturien Arriondas Entdecken Sie unser Landhaus in einer ruhigen, idyllischen Lage. Buchen Sie jetzt ihren Kurztrip - Kurzurlaub zum romantischen Wochenendausflug im l\u00e4ndlichen Asturien.\",\"breadcrumb\":{\"@id\":\"https:\/\/casaentresueveypicos.com\/de\/standort\/#breadcrumb\"},\"inLanguage\":\"de\",\"potentialAction\":[{\"@type\":\"ReadAction\",\"target\":[\"https:\/\/casaentresueveypicos.com\/de\/standort\/\"]}]},{\"@type\":\"ImageObject\",\"inLanguage\":\"de\",\"@id\":\"https:\/\/casaentresueveypicos.com\/de\/standort\/#primaryimage\",\"url\":\"https:\/\/casaentresueveypicos.com\/wp-content\/uploads\/2021\/03\/Fachada-Sur-Jardin-1024x461.jpg\",\"contentUrl\":\"https:\/\/casaentresueveypicos.com\/wp-content\/uploads\/2021\/03\/Fachada-Sur-Jardin-1024x461.jpg\"},{\"@type\":\"BreadcrumbList\",\"@id\":\"https:\/\/casaentresueveypicos.com\/de\/standort\/#breadcrumb\",\"itemListElement\":[{\"@type\":\"ListItem\",\"position\":1,\"name\":\"Inicio\",\"item\":\"https:\/\/casaentresueveypicos.com\/de\/\"},{\"@type\":\"ListItem\",\"position\":2,\"name\":\"Standort\"}]},{\"@type\":\"WebSite\",\"@id\":\"https:\/\/casaentresueveypicos.com\/de\/#website\",\"url\":\"https:\/\/casaentresueveypicos.com\/de\/\",\"name\":\"Casa entre Sueve y Picos\",\"description\":\"Casa Rural en Arriondas\",\"potentialAction\":[{\"@type\":\"SearchAction\",\"target\":{\"@type\":\"EntryPoint\",\"urlTemplate\":\"https:\/\/casaentresueveypicos.com\/de\/?s={search_term_string}\"},\"query-input\":{\"@type\":\"PropertyValueSpecification\",\"valueRequired\":true,\"valueName\":\"search_term_string\"}}],\"inLanguage\":\"de\"}]}<\/script>\n<!-- \/ Yoast SEO plugin. -->","yoast_head_json":{"title":"l\u00e4ndliches Ferienhaus in Asturien Arriondas - Casa entre Sueve y Picos","description":"l\u00e4ndliche Ferienwohnung in Asturien Arriondas Entdecken Sie unser Landhaus in einer ruhigen, idyllischen Lage. Buchen Sie jetzt ihren Kurztrip - Kurzurlaub zum romantischen Wochenendausflug im l\u00e4ndlichen Asturien.","robots":{"index":"index","follow":"follow","max-snippet":"max-snippet:-1","max-image-preview":"max-image-preview:large","max-video-preview":"max-video-preview:-1"},"canonical":"https:\/\/casaentresueveypicos.com\/de\/standort\/","og_locale":"de_DE","og_type":"article","og_title":"Ferienwohnung in Asturien","og_description":"l\u00e4ndliche Ferienwohnung in Asturien Arriondas Entdecken Sie unser Landhaus in einer ruhigen, idyllischen Lage. Buchen Sie jetzt ihren Kurztrip - Kurzurlaub zum romantischen Wochenendausflug im l\u00e4ndlichen Asturien.","og_url":"https:\/\/casaentresueveypicos.com\/de\/standort\/","og_site_name":"Casa entre Sueve y Picos","article_modified_time":"2021-05-06T19:42:32+00:00","og_image":[{"url":"https:\/\/casaentresueveypicos.com\/wp-content\/uploads\/2021\/03\/Bancos-y-mesa-en-terraza-1.jpg","type":"","width":"","height":""}],"twitter_card":"summary_large_image","twitter_misc":{"Gesch\u00e4tzte Lesezeit":"1\u00a0Minute"},"schema":{"@context":"https:\/\/schema.org","@graph":[{"@type":"WebPage","@id":"https:\/\/casaentresueveypicos.com\/de\/standort\/","url":"https:\/\/casaentresueveypicos.com\/de\/standort\/","name":"l\u00e4ndliches Ferienhaus in Asturien Arriondas - Casa entre Sueve y Picos","isPartOf":{"@id":"https:\/\/casaentresueveypicos.com\/de\/#website"},"primaryImageOfPage":{"@id":"https:\/\/casaentresueveypicos.com\/de\/standort\/#primaryimage"},"image":{"@id":"https:\/\/casaentresueveypicos.com\/de\/standort\/#primaryimage"},"thumbnailUrl":"https:\/\/casaentresueveypicos.com\/wp-content\/uploads\/2021\/03\/Fachada-Sur-Jardin-1024x461.jpg","datePublished":"2021-04-17T16:16:54+00:00","dateModified":"2021-05-06T19:42:32+00:00","description":"l\u00e4ndliche Ferienwohnung in Asturien Arriondas Entdecken Sie unser Landhaus in einer ruhigen, idyllischen Lage. Buchen Sie jetzt ihren Kurztrip - Kurzurlaub zum romantischen Wochenendausflug im l\u00e4ndlichen Asturien.","breadcrumb":{"@id":"https:\/\/casaentresueveypicos.com\/de\/standort\/#breadcrumb"},"inLanguage":"de","potentialAction":[{"@type":"ReadAction","target":["https:\/\/casaentresueveypicos.com\/de\/standort\/"]}]},{"@type":"ImageObject","inLanguage":"de","@id":"https:\/\/casaentresueveypicos.com\/de\/standort\/#primaryimage","url":"https:\/\/casaentresueveypicos.com\/wp-content\/uploads\/2021\/03\/Fachada-Sur-Jardin-1024x461.jpg","contentUrl":"https:\/\/casaentresueveypicos.com\/wp-content\/uploads\/2021\/03\/Fachada-Sur-Jardin-1024x461.jpg"},{"@type":"BreadcrumbList","@id":"https:\/\/casaentresueveypicos.com\/de\/standort\/#breadcrumb","itemListElement":[{"@type":"ListItem","position":1,"name":"Inicio","item":"https:\/\/casaentresueveypicos.com\/de\/"},{"@type":"ListItem","position":2,"name":"Standort"}]},{"@type":"WebSite","@id":"https:\/\/casaentresueveypicos.com\/de\/#website","url":"https:\/\/casaentresueveypicos.com\/de\/","name":"Casa entre Sueve y Picos","description":"Casa Rural en Arriondas","potentialAction":[{"@type":"SearchAction","target":{"@type":"EntryPoint","urlTemplate":"https:\/\/casaentresueveypicos.com\/de\/?s={search_term_string}"},"query-input":{"@type":"PropertyValueSpecification","valueRequired":true,"valueName":"search_term_string"}}],"inLanguage":"de"}]}},"_links":{"self":[{"href":"https:\/\/casaentresueveypicos.com\/de\/wp-json\/wp\/v2\/pages\/3563","targetHints":{"allow":["GET"]}}],"collection":[{"href":"https:\/\/casaentresueveypicos.com\/de\/wp-json\/wp\/v2\/pages"}],"about":[{"href":"https:\/\/casaentresueveypicos.com\/de\/wp-json\/wp\/v2\/types\/page"}],"author":[{"embeddable":true,"href":"https:\/\/casaentresueveypicos.com\/de\/wp-json\/wp\/v2\/users\/1"}],"replies":[{"embeddable":true,"href":"https:\/\/casaentresueveypicos.com\/de\/wp-json\/wp\/v2\/comments?post=3563"}],"version-history":[{"count":4,"href":"https:\/\/casaentresueveypicos.com\/de\/wp-json\/wp\/v2\/pages\/3563\/revisions"}],"predecessor-version":[{"id":4532,"href":"https:\/\/casaentresueveypicos.com\/de\/wp-json\/wp\/v2\/pages\/3563\/revisions\/4532"}],"wp:attachment":[{"href":"https:\/\/casaentresueveypicos.com\/de\/wp-json\/wp\/v2\/media?parent=3563"}],"curies":[{"name":"wp","href":"https:\/\/api.w.org\/{rel}","templated":true}]}}