{"id":3599,"date":"2021-04-18T08:44:31","date_gmt":"2021-04-18T06:44:31","guid":{"rendered":"https:\/\/casarural.dipixel.es\/accommodation\/ferienhaus-casa-entre-sueve-y-picos\/"},"modified":"2021-04-29T11:40:42","modified_gmt":"2021-04-29T09:40:42","slug":"ferienhaus-casa-entre-sueve-y-picos","status":"publish","type":"mphb_room_type","link":"https:\/\/casaentresueveypicos.com\/de\/accommodation\/ferienhaus-casa-entre-sueve-y-picos\/","title":{"rendered":"Ferienhaus &#8222;Casa entre Sueve y Picos&#8220;"},"content":{"rendered":"\t\t<div data-elementor-type=\"wp-post\" data-elementor-id=\"3599\" class=\"elementor elementor-3599 elementor-115\" data-elementor-post-type=\"mphb_room_type\">\n\t\t\t\t\t\t<section data-dce-background-image-url=\"https:\/\/casaentresueveypicos.com\/wp-content\/uploads\/2021\/03\/Fachada-Sur.jpg\" class=\"elementor-section elementor-top-section elementor-element elementor-element-6de505a3 elementor-section-full_width elementor-section-content-middle elementor-section-height-min-height elementor-section-height-default elementor-section-items-middle\" data-id=\"6de505a3\" data-element_type=\"section\" data-settings=\"{&quot;background_background&quot;:&quot;classic&quot;}\">\n\t\t\t\t\t\t<div class=\"elementor-container elementor-column-gap-default\">\n\t\t\t\t\t<div class=\"elementor-column elementor-col-100 elementor-top-column elementor-element elementor-element-657577b2\" data-id=\"657577b2\" data-element_type=\"column\">\n\t\t\t<div class=\"elementor-widget-wrap elementor-element-populated\">\n\t\t\t\t\t\t<div class=\"elementor-element elementor-element-686c17f3 elementor-widget elementor-widget-heading\" data-id=\"686c17f3\" data-element_type=\"widget\" data-widget_type=\"heading.default\">\n\t\t\t\t<div class=\"elementor-widget-container\">\n\t\t\t\t\t<h1 class=\"elementor-heading-title elementor-size-default\">Ferienhaus \"Casa entre Sueve y Picos\"<\/h1>\t\t\t\t<\/div>\n\t\t\t\t<\/div>\n\t\t\t\t\t<\/div>\n\t\t<\/div>\n\t\t\t\t\t<\/div>\n\t\t<\/section>\n\t\t\t\t<section class=\"elementor-section elementor-top-section elementor-element elementor-element-5a4867e9 elementor-section-boxed elementor-section-height-default elementor-section-height-default\" data-id=\"5a4867e9\" data-element_type=\"section\">\n\t\t\t\t\t\t<div class=\"elementor-container elementor-column-gap-default\">\n\t\t\t\t\t<div class=\"elementor-column elementor-col-50 elementor-top-column elementor-element elementor-element-56ef3750\" data-id=\"56ef3750\" data-element_type=\"column\">\n\t\t\t<div class=\"elementor-widget-wrap elementor-element-populated\">\n\t\t\t\t\t\t<div class=\"elementor-element elementor-element-48632b14 elementor-widget elementor-widget-heading\" data-id=\"48632b14\" data-element_type=\"widget\" data-widget_type=\"heading.default\">\n\t\t\t\t<div class=\"elementor-widget-container\">\n\t\t\t\t\t<h4 class=\"elementor-heading-title elementor-size-default\">Online - Reservierung<\/h4>\t\t\t\t<\/div>\n\t\t\t\t<\/div>\n\t\t\t\t<div class=\"elementor-element elementor-element-f62588e elementor-widget elementor-widget-text-editor\" data-id=\"f62588e\" data-element_type=\"widget\" data-widget_type=\"text-editor.default\">\n\t\t\t\t<div class=\"elementor-widget-container\">\n\t\t\t\t\t\t\t\t\t<p>W\u00e4hlen Sie das vorgesehene Einreise- und Ausreisedatum f\u00fcr Ihre Unterkunft<\/p>\n<p><strong>Hinweis:<\/strong> Verwenden Sie den Verf\u00fcgbarkeitskalender f\u00fcr eine bessere \u00dcbersicht \u00fcber verf\u00fcgbare Daten.<\/p>\n\t\t\t\t\t\t\t\t<\/div>\n\t\t\t\t<\/div>\n\t\t\t\t<div class=\"elementor-element elementor-element-f13dac5 elementor-widget elementor-widget-mphbe-availability\" data-id=\"f13dac5\" data-element_type=\"widget\" data-settings=\"{&quot;hide_labels&quot;:&quot;no&quot;,&quot;no_paddings&quot;:&quot;no&quot;,&quot;hide_tips&quot;:&quot;no&quot;,&quot;stretch_btn&quot;:&quot;no&quot;}\" data-widget_type=\"mphbe-availability.default\">\n\t\t\t\t<div class=\"elementor-widget-container\">\n\t\t\t\t\t<div class=\"mphb_sc_booking_form-wrapper is-direct-booking is-style-default \">\t<form method=\"POST\" action=\"https:\/\/casaentresueveypicos.com\/de\/reservierungsbestaetigung-kundendaten-klicken-sie-hier-um-die-uebersetzung-zu-bearbeiten\/\" class=\"mphb-booking-form mphb-booking-form--direct-booking\" id=\"booking-form-115\" data-first_available_check_in_date=\"2027-05-04\">\n\n\t\t<p class=\"mphb-required-fields-tip\"><small>Erforderliche Felder werden gefolgt von <abbr title=\"required\">*<\/abbr><\/small><\/p>\n\t\t<input type=\"hidden\" id=\"mphb-checkout-nonce\" name=\"mphb-checkout-nonce\" value=\"40202e22aa\" \/><input type=\"hidden\" name=\"_wp_http_referer\" value=\"\/de\/wp-json\/wp\/v2\/mphb_room_type\/3599\" \/>\t\t\t\t<input type=\"hidden\" name=\"mphb_room_type_id\" value=\"115\" \/>\n\t\t<p class=\"mphb-check-in-date-wrapper\">\n\t\t\t<label for=\"mphb_check_in_date-69f2faff1fc3c\">\n\t\t\t\tAnreisedatum\t\t\t\t<abbr title=\"Formatiert als dd\/mm\/yyyy\">*<\/abbr>\n\t\t\t<\/label>\n\t\t\t<br \/>\n\t\t\t<input id=\"mphb_check_in_date-69f2faff1fc3c\" type=\"text\" class=\"mphb-datepick\" value=\"\" required=\"required\" autocomplete=\"off\" placeholder=\"Anreisedatum\" inputmode=\"none\" \/>\n\t\t\t<input id=\"mphb_check_in_date-69f2faff1fc3c-hidden\" type=\"hidden\" name=\"mphb_check_in_date\" value=\"\" \/>\n\t\t<\/p>\n\t\t<p class=\"mphb-check-out-date-wrapper\">\n\t\t\t<label for=\"mphb_check_out_date-69f2faff1fc3c\">\n\t\t\t\tAbreisedatum\t\t\t\t<abbr title=\"Formatiert als dd\/mm\/yyyy\">*<\/abbr>\n\t\t\t<\/label>\n\t\t\t<br \/>\n\t\t\t<input id=\"mphb_check_out_date-69f2faff1fc3c\" type=\"text\" class=\"mphb-datepick\" value=\"\" required=\"required\" autocomplete=\"off\" placeholder=\"Abreisedatum\" inputmode=\"none\" \/>\n\t\t\t<input id=\"mphb_check_out_date-69f2faff1fc3c-hidden\" type=\"hidden\" name=\"mphb_check_out_date\" value=\"\" \/>\n\t\t<\/p>\n\t\t\t\t\t\t\t<div class=\"mphb-reserve-room-section mphb-hide\">\n\t\t\t\t<p class=\"mphb-rooms-quantity-wrapper mphb-rooms-quantity-multiple mphb-hide\">\n\t\t\t\t<select class=\"mphb-rooms-quantity\" id=\"mphb-rooms-quantity-115\" name=\"mphb_rooms_details[115]\"><option value=\"1\" selected=\"selected\">1<\/option><\/select> of <span class=\"mphb-available-rooms-count\">1<\/span> verf\u00fcgbare Unterk\u00fcnfte reservieren.\t\t\t\t<\/p>\n\t\t\t\t<p class=\"mphb-rooms-quantity-wrapper mphb-rooms-quantity-single mphb-hide\">\n\t\t\t\t\tCasa Rural entre Sueve y Picos ist f\u00fcr ausgew\u00e4hlte Daten verf\u00fcgbar.\t\t\t\t<\/p>\n\t\t\t\t\t\t\t\t\t<p class=\"mphb-period-price mphb-regular-price mphb-hide\">\n\t\t\t\t\t\t<strong>Preis von:<\/strong>\n\t\t\t\t\t<\/p>\n\t\t\t\t\t\t\t\t<input type=\"hidden\" name=\"mphb_is_direct_booking\" value=\"1\" \/>\n\t\t\t\t<input class=\"button mphb-button mphb-confirm-reservation\" type=\"submit\" value=\"Reservierung best\u00e4tigen\" \/>\n\t\t\t<\/div>\n\t\t\n\t\t<div class=\"mphb-errors-wrapper mphb-hide\"><\/div>\n\t\t<p class=\"mphb-reserve-btn-wrapper\">\n\t\t\t<input class=\"mphb-reserve-btn button\" type=\"submit\" value=\"Verf\u00fcgbarkeit pr\u00fcfen\" \/>\n\t\t<\/p>\n\t<\/form>\n\t<\/div>\t\t\t\t<\/div>\n\t\t\t\t<\/div>\n\t\t\t\t\t<\/div>\n\t\t<\/div>\n\t\t\t\t<div class=\"elementor-column elementor-col-50 elementor-top-column elementor-element elementor-element-70c2aa2c\" data-id=\"70c2aa2c\" data-element_type=\"column\">\n\t\t\t<div class=\"elementor-widget-wrap elementor-element-populated\">\n\t\t\t\t\t\t<div class=\"elementor-element elementor-element-2e382fd elementor-widget elementor-widget-heading\" data-id=\"2e382fd\" data-element_type=\"widget\" data-widget_type=\"heading.default\">\n\t\t\t\t<div class=\"elementor-widget-container\">\n\t\t\t\t\t<h4 class=\"elementor-heading-title elementor-size-default\">Verf\u00fcgbarkeitskalender<\/h4>\t\t\t\t<\/div>\n\t\t\t\t<\/div>\n\t\t\t\t<div class=\"elementor-element elementor-element-9a42f5b elementor-widget elementor-widget-text-editor\" data-id=\"9a42f5b\" data-element_type=\"widget\" data-widget_type=\"text-editor.default\">\n\t\t\t\t<div class=\"elementor-widget-container\">\n\t\t\t\t\t\t\t\t\t<p>\u00dcberpr\u00fcfen Sie die verf\u00fcgbaren Daten im Kalender und w\u00e4hlen Sie das Ankunfts- und Abreisedatum in der Spalte &#8222;Buchung&#8220; um die Reservierung durchzuf\u00fchren.<\/p>\n\t\t\t\t\t\t\t\t<\/div>\n\t\t\t\t<\/div>\n\t\t\t\t<div class=\"elementor-element elementor-element-b18d3f1 elementor-widget elementor-widget-mphbe-availability-calendar\" data-id=\"b18d3f1\" data-element_type=\"widget\" data-widget_type=\"mphbe-availability-calendar.default\">\n\t\t\t\t<div class=\"elementor-widget-container\">\n\t\t\t\t\t<div class=\"mphb_sc_availability_calendar-wrapper\">\t<div class=\"mphb-calendar mphb-datepick inlinePicker mphb-calendar--direct-booking\" data-room-type-id=\"115\" data-monthstoshow=\"2\" data-is_show_prices=\"0\" data-is_truncate_prices=\"1\" data-is_show_prices_currency=\"0\" data-first_available_check_in_date=\"2027-05-04\"><\/div>\n\t<\/div>\t\t\t\t<\/div>\n\t\t\t\t<\/div>\n\t\t\t\t\t<\/div>\n\t\t<\/div>\n\t\t\t\t\t<\/div>\n\t\t<\/section>\n\t\t\t\t<\/div>\n\t\t","protected":false},"excerpt":{"rendered":"<p>Ferienhaus &#8222;Casa entre Sueve y Picos&#8220; Online &#8211; Reservierung W\u00e4hlen Sie das vorgesehene Einreise- und Ausreisedatum f\u00fcr Ihre Unterkunft Hinweis: Verwenden Sie den Verf\u00fcgbarkeitskalender f\u00fcr eine bessere \u00dcbersicht \u00fcber verf\u00fcgbare Daten. * Campos obligatorios Fecha de llegada * Fecha de salida * Reserva 1 de 1 alojamientos disponibles. Casa Rural entre Sueve y Picos est\u00e1 [&hellip;]<\/p>\n","protected":false},"featured_media":0,"menu_order":0,"comment_status":"open","ping_status":"closed","template":"elementor_canvas","mphb_room_type_category":[],"mphb_room_type_tag":[],"mphb_room_type_facility":[138,129,131,144,133,140,143,141,135,137],"class_list":["post-3599","mphb_room_type","type-mphb_room_type","status-publish","hentry","mphb_room_type_facility-arbeitszimmer","mphb_room_type_facility-grill","mphb_room_type_facility-heizung","mphb_room_type_facility-internet","mphb_room_type_facility-kamin-de","mphb_room_type_facility-parkplatz-de","mphb_room_type_facility-satellitenfernsehen-2","mphb_room_type_facility-terrasse","mphb_room_type_facility-voll-ausgestattete-kuche-de","mphb_room_type_facility-waschkuche-2","mphb-room-type-adults-1","mphb-room-type-children-0",""],"yoast_head":"<!-- This site is optimized with the Yoast SEO plugin v25.1 - https:\/\/yoast.com\/wordpress\/plugins\/seo\/ -->\n<title>Ferienhaus &quot;Casa entre Sueve y Picos&quot; - Casa entre Sueve y Picos<\/title>\n<meta name=\"robots\" content=\"index, follow, max-snippet:-1, max-image-preview:large, max-video-preview:-1\" \/>\n<link rel=\"canonical\" href=\"https:\/\/casaentresueveypicos.com\/de\/accommodation\/ferienhaus-casa-entre-sueve-y-picos\/\" \/>\n<meta property=\"og:locale\" content=\"de_DE\" \/>\n<meta property=\"og:type\" content=\"article\" \/>\n<meta property=\"og:title\" content=\"Ferienhaus &quot;Casa entre Sueve y Picos&quot; - Casa entre Sueve y Picos\" \/>\n<meta property=\"og:description\" content=\"Ferienhaus &#8222;Casa entre Sueve y Picos&#8220; Online &#8211; Reservierung W\u00e4hlen Sie das vorgesehene Einreise- und Ausreisedatum f\u00fcr Ihre Unterkunft Hinweis: Verwenden Sie den Verf\u00fcgbarkeitskalender f\u00fcr eine bessere \u00dcbersicht \u00fcber verf\u00fcgbare Daten. * Campos obligatorios Fecha de llegada * Fecha de salida * Reserva 1 de 1 alojamientos disponibles. Casa Rural entre Sueve y Picos est\u00e1 [&hellip;]\" \/>\n<meta property=\"og:url\" content=\"https:\/\/casaentresueveypicos.com\/de\/accommodation\/ferienhaus-casa-entre-sueve-y-picos\/\" \/>\n<meta property=\"og:site_name\" content=\"Casa entre Sueve y Picos\" \/>\n<meta property=\"article:modified_time\" content=\"2021-04-29T09:40:42+00:00\" \/>\n<meta name=\"twitter:card\" content=\"summary_large_image\" \/>\n<script type=\"application\/ld+json\" class=\"yoast-schema-graph\">{\"@context\":\"https:\/\/schema.org\",\"@graph\":[{\"@type\":\"WebPage\",\"@id\":\"https:\/\/casaentresueveypicos.com\/de\/accommodation\/ferienhaus-casa-entre-sueve-y-picos\/\",\"url\":\"https:\/\/casaentresueveypicos.com\/de\/accommodation\/ferienhaus-casa-entre-sueve-y-picos\/\",\"name\":\"Ferienhaus \\\"Casa entre Sueve y Picos\\\" - Casa entre Sueve y Picos\",\"isPartOf\":{\"@id\":\"https:\/\/casaentresueveypicos.com\/de\/#website\"},\"datePublished\":\"2021-04-18T06:44:31+00:00\",\"dateModified\":\"2021-04-29T09:40:42+00:00\",\"breadcrumb\":{\"@id\":\"https:\/\/casaentresueveypicos.com\/de\/accommodation\/ferienhaus-casa-entre-sueve-y-picos\/#breadcrumb\"},\"inLanguage\":\"de\",\"potentialAction\":[{\"@type\":\"ReadAction\",\"target\":[\"https:\/\/casaentresueveypicos.com\/de\/accommodation\/ferienhaus-casa-entre-sueve-y-picos\/\"]}]},{\"@type\":\"BreadcrumbList\",\"@id\":\"https:\/\/casaentresueveypicos.com\/de\/accommodation\/ferienhaus-casa-entre-sueve-y-picos\/#breadcrumb\",\"itemListElement\":[{\"@type\":\"ListItem\",\"position\":1,\"name\":\"Inicio\",\"item\":\"https:\/\/casaentresueveypicos.com\/de\/\"},{\"@type\":\"ListItem\",\"position\":2,\"name\":\"Unterkunftsarten\",\"item\":\"https:\/\/casaentresueveypicos.com\/de\/accommodation\/\"},{\"@type\":\"ListItem\",\"position\":3,\"name\":\"Ferienhaus &#8222;Casa entre Sueve y Picos&#8220;\"}]},{\"@type\":\"WebSite\",\"@id\":\"https:\/\/casaentresueveypicos.com\/de\/#website\",\"url\":\"https:\/\/casaentresueveypicos.com\/de\/\",\"name\":\"Casa entre Sueve y Picos\",\"description\":\"Casa Rural en Arriondas\",\"potentialAction\":[{\"@type\":\"SearchAction\",\"target\":{\"@type\":\"EntryPoint\",\"urlTemplate\":\"https:\/\/casaentresueveypicos.com\/de\/?s={search_term_string}\"},\"query-input\":{\"@type\":\"PropertyValueSpecification\",\"valueRequired\":true,\"valueName\":\"search_term_string\"}}],\"inLanguage\":\"de\"}]}<\/script>\n<!-- \/ Yoast SEO plugin. -->","yoast_head_json":{"title":"Ferienhaus \"Casa entre Sueve y Picos\" - Casa entre Sueve y Picos","robots":{"index":"index","follow":"follow","max-snippet":"max-snippet:-1","max-image-preview":"max-image-preview:large","max-video-preview":"max-video-preview:-1"},"canonical":"https:\/\/casaentresueveypicos.com\/de\/accommodation\/ferienhaus-casa-entre-sueve-y-picos\/","og_locale":"de_DE","og_type":"article","og_title":"Ferienhaus \"Casa entre Sueve y Picos\" - Casa entre Sueve y Picos","og_description":"Ferienhaus &#8222;Casa entre Sueve y Picos&#8220; Online &#8211; Reservierung W\u00e4hlen Sie das vorgesehene Einreise- und Ausreisedatum f\u00fcr Ihre Unterkunft Hinweis: Verwenden Sie den Verf\u00fcgbarkeitskalender f\u00fcr eine bessere \u00dcbersicht \u00fcber verf\u00fcgbare Daten. * Campos obligatorios Fecha de llegada * Fecha de salida * Reserva 1 de 1 alojamientos disponibles. Casa Rural entre Sueve y Picos est\u00e1 [&hellip;]","og_url":"https:\/\/casaentresueveypicos.com\/de\/accommodation\/ferienhaus-casa-entre-sueve-y-picos\/","og_site_name":"Casa entre Sueve y Picos","article_modified_time":"2021-04-29T09:40:42+00:00","twitter_card":"summary_large_image","schema":{"@context":"https:\/\/schema.org","@graph":[{"@type":"WebPage","@id":"https:\/\/casaentresueveypicos.com\/de\/accommodation\/ferienhaus-casa-entre-sueve-y-picos\/","url":"https:\/\/casaentresueveypicos.com\/de\/accommodation\/ferienhaus-casa-entre-sueve-y-picos\/","name":"Ferienhaus \"Casa entre Sueve y Picos\" - Casa entre Sueve y Picos","isPartOf":{"@id":"https:\/\/casaentresueveypicos.com\/de\/#website"},"datePublished":"2021-04-18T06:44:31+00:00","dateModified":"2021-04-29T09:40:42+00:00","breadcrumb":{"@id":"https:\/\/casaentresueveypicos.com\/de\/accommodation\/ferienhaus-casa-entre-sueve-y-picos\/#breadcrumb"},"inLanguage":"de","potentialAction":[{"@type":"ReadAction","target":["https:\/\/casaentresueveypicos.com\/de\/accommodation\/ferienhaus-casa-entre-sueve-y-picos\/"]}]},{"@type":"BreadcrumbList","@id":"https:\/\/casaentresueveypicos.com\/de\/accommodation\/ferienhaus-casa-entre-sueve-y-picos\/#breadcrumb","itemListElement":[{"@type":"ListItem","position":1,"name":"Inicio","item":"https:\/\/casaentresueveypicos.com\/de\/"},{"@type":"ListItem","position":2,"name":"Unterkunftsarten","item":"https:\/\/casaentresueveypicos.com\/de\/accommodation\/"},{"@type":"ListItem","position":3,"name":"Ferienhaus &#8222;Casa entre Sueve y Picos&#8220;"}]},{"@type":"WebSite","@id":"https:\/\/casaentresueveypicos.com\/de\/#website","url":"https:\/\/casaentresueveypicos.com\/de\/","name":"Casa entre Sueve y Picos","description":"Casa Rural en Arriondas","potentialAction":[{"@type":"SearchAction","target":{"@type":"EntryPoint","urlTemplate":"https:\/\/casaentresueveypicos.com\/de\/?s={search_term_string}"},"query-input":{"@type":"PropertyValueSpecification","valueRequired":true,"valueName":"search_term_string"}}],"inLanguage":"de"}]}},"_links":{"self":[{"href":"https:\/\/casaentresueveypicos.com\/de\/wp-json\/wp\/v2\/mphb_room_type\/3599","targetHints":{"allow":["GET"]}}],"collection":[{"href":"https:\/\/casaentresueveypicos.com\/de\/wp-json\/wp\/v2\/mphb_room_type"}],"about":[{"href":"https:\/\/casaentresueveypicos.com\/de\/wp-json\/wp\/v2\/types\/mphb_room_type"}],"replies":[{"embeddable":true,"href":"https:\/\/casaentresueveypicos.com\/de\/wp-json\/wp\/v2\/comments?post=3599"}],"version-history":[{"count":5,"href":"https:\/\/casaentresueveypicos.com\/de\/wp-json\/wp\/v2\/mphb_room_type\/3599\/revisions"}],"predecessor-version":[{"id":4006,"href":"https:\/\/casaentresueveypicos.com\/de\/wp-json\/wp\/v2\/mphb_room_type\/3599\/revisions\/4006"}],"wp:attachment":[{"href":"https:\/\/casaentresueveypicos.com\/de\/wp-json\/wp\/v2\/media?parent=3599"}],"wp:term":[{"taxonomy":"mphb_room_type_category","embeddable":true,"href":"https:\/\/casaentresueveypicos.com\/de\/wp-json\/wp\/v2\/mphb_room_type_category?post=3599"},{"taxonomy":"mphb_room_type_tag","embeddable":true,"href":"https:\/\/casaentresueveypicos.com\/de\/wp-json\/wp\/v2\/mphb_room_type_tag?post=3599"},{"taxonomy":"mphb_room_type_facility","embeddable":true,"href":"https:\/\/casaentresueveypicos.com\/de\/wp-json\/wp\/v2\/mphb_room_type_facility?post=3599"}],"curies":[{"name":"wp","href":"https:\/\/api.w.org\/{rel}","templated":true}]}}